{"id":3877,"date":"2023-07-24T12:44:08","date_gmt":"2023-07-24T12:44:08","guid":{"rendered":"https:\/\/www.mercepomar.com\/inici\/"},"modified":"2024-04-24T21:22:06","modified_gmt":"2024-04-24T21:22:06","slug":"inici","status":"publish","type":"page","link":"https:\/\/www.mercepomar.com\/ca\/","title":{"rendered":"Inici"},"content":{"rendered":"\t\t<div data-elementor-type=\"wp-page\" data-elementor-id=\"3877\" class=\"elementor elementor-3877 elementor-7\" data-elementor-post-type=\"page\">\n\t\t\t\t\t\t<section class=\"elementor-section elementor-top-section elementor-element elementor-element-6e59822 elementor-section-full_width slider-home elementor-section-height-default elementor-section-height-default\" data-id=\"6e59822\" data-element_type=\"section\" data-settings=\"{&quot;background_background&quot;:&quot;classic&quot;}\">\n\t\t\t\t\t\t<div class=\"elementor-container elementor-column-gap-no\">\n\t\t\t\t\t<div class=\"elementor-column elementor-col-100 elementor-top-column elementor-element elementor-element-4c78989\" data-id=\"4c78989\" data-element_type=\"column\" data-settings=\"{&quot;background_background&quot;:&quot;classic&quot;}\">\n\t\t\t<div class=\"elementor-widget-wrap elementor-element-populated\">\n\t\t\t\t\t\t<div class=\"elementor-element elementor-element-20425a7 content-slider-home elementor-align-left elementor-widget elementor-widget-boomdevs-slider\" data-id=\"20425a7\" data-element_type=\"widget\" data-widget_type=\"boomdevs-slider.default\">\n\t\t\t\t<div class=\"elementor-widget-container\">\n\t\t\t\r\n\t<div class=\"slider-area style-1 bg-icon\">\r\n\t\t\r\n\t\t\r\n        <div class=\"slider-wrapper\" id=\"slider-20425a7\" data-autoplay=\"true\" data-autoplay-speed=\"3000\" data-slide-speed=\"1500\" data-slides-show-desktop=\"1\" data-slides-show-tablet=\"1\" data-slides-show-mobile=\"1\" data-slides-scroll=\"1\" data-loop=\"true\" data-dots=\"true\" data-arrows=\"false\" data-swipe-slide=\"true\" data-pause-hover=\"true\">\r\n\t\t\t\t\t\t\t<div class=\"single-slider-wrapper\">\r\n\t\t\t\t\t<div class=\"single-slider\">\r\n\t\t\t\t\t\t<div class=\"slider-overlay\"><\/div>\r\n\t\t\t\t\t\t<div class=\"slider-container h-100 align-self-center\">\r\n\t\t\t\t\t\t\t<div class=\"row h-100 justify-content-center\">\r\n\t\t\t\t\t\t\t\t<div class=\"col-md-7 align-self-center order-2 order-md-1\">\r\n\t\t\t\t\t\t\t\t\t<div class=\"slider-content-wrapper\">\r\n\t\t\t\t\t\t\t\t\t\t<div class=\"slider-content\">\r\n\t\t\t\t\t\t\t\t\t\t\t\t\t\t\t\t\t\t\t\t\t\t\t<h1 class=\"slider-title\">\r\n\t\t\t\t\t\t\t\t\t\t\t\t\t\"No podem dirigir \r\n\t\t\t\t\t\t\t\t\t\t\t\t\t\r\n\t\t\t\t\t\t\t\t\t\t\t\t\t<span class=\"under-line style-2\"> \r\n\t\t\t\t\t\t\t\t\t\t\t\t\t\tel vent, per\u00f2 podem\t\t\t\t\t\t\t\t\t\t\t\t\t\t\r\n\t\t\t\t\t\t\t\t\t\t\t\t\t\t\r\n\t\t\t\t\t\t\t\t\t\t\t\t\t<\/span> <br> \r\n\r\n\t\t\t\t\t\t\t\t\t\t\t\t\torientar les espelmes\" \r\n\t\t\t\t\t\t\t\t\t\t\t\t<\/h1>\r\n\t\t\t\t\t\t\t\t\t\t\t\r\n\t\t\t\t\t\t\t\t\t\t\t\t\t\t\t\t\t\t\t\t\t\t\t<p class=\"slider-short-desc\">Centre de Mediaci\u00f3 Privat a Balears.\n<\/ br>\nAl nostre espai treballem amb MENT, EMOCI\u00d3 i COS.<\/p>\r\n\t\t\t\t\t\t\t\t\t\t\t\r\n\t\t\t\t\t\t\t\t\t\t\t\t\t\t\t\t\t\t\t\t\t\t\t<div class=\"slider-btn-wrapper\">\r\n\t\t\t\t\t\t\t\t\t\t\t\t\t<a href=\"\/ca\/contacte\/\" target=\"_self\" class=\"slider-btn active\">Contacte<\/a>\r\n\t\t\t\t\t\t\t\t\t\t\t\t\t<a href=\"\/ca\/serveis-disponibles\/\" target=\"_self\" class=\"slider-btn \">Qu\u00e8 ofereixo<\/a>\r\n\t\t\t\t\t\t\t\t\t\t\t\t<\/div>\r\n\t\t\t\t\t\t\t\t\t\t\t\t\t\t\t\t\t\t\t\t\t<\/div>\r\n\t\t\t\t\t\t\t\t\t<\/div>\r\n\t\t\t\t\t\t\t\t<\/div>\r\n\t\t\t\t\t\t\t\t<div class=\"col-md-5 align-self-center order-1 order-md-2\">\r\n\t\t\t\t\t\t\t\t\t<div class=\"slider-image\">\r\n\t\t\t\t\t\t\t\t\t\t\r\n\r\n\t\t\t\t\t\t\t\t\t\t\r\n\t\t\t\t\t\t\t\t\t\t\r\n\t\t\t\t\t\t\t\t\t\t\t\t\t\t\t\t\t\t\t<\/div>\r\n\t\t\t\t\t\t\t\t<\/div>\r\n\t\t\t\t\t\t\t<\/div>\r\n\t\t\t\t\t\t<\/div>\r\n\t\t\t\t\t<\/div>\r\n\t\t\t\t<\/div>\r\n\t\t\t        <\/div>\r\n    <\/div>\r\n\r\n\r\n\t\r\n       \t\r\n\t\t\t<\/div>\n\t\t\t\t<\/div>\n\t\t\t\t\t<\/div>\n\t\t<\/div>\n\t\t\t\t\t<\/div>\n\t\t<\/section>\n\t\t\t\t<section class=\"elementor-section elementor-top-section elementor-element elementor-element-d9974c1 elementor-section-full_width elementor-section-height-default elementor-section-height-default\" data-id=\"d9974c1\" data-element_type=\"section\">\n\t\t\t\t\t\t<div class=\"elementor-container elementor-column-gap-no\">\n\t\t\t\t\t<div class=\"elementor-column elementor-col-100 elementor-top-column elementor-element elementor-element-7e26c9d\" data-id=\"7e26c9d\" data-element_type=\"column\">\n\t\t\t<div class=\"elementor-widget-wrap elementor-element-populated\">\n\t\t\t\t\t\t<section class=\"elementor-section elementor-inner-section elementor-element elementor-element-d360831 elementor-section-boxed elementor-section-height-default elementor-section-height-default\" data-id=\"d360831\" data-element_type=\"section\">\n\t\t\t\t\t\t<div class=\"elementor-container elementor-column-gap-wider\">\n\t\t\t\t\t<div class=\"elementor-column elementor-col-100 elementor-inner-column elementor-element elementor-element-a58a566\" data-id=\"a58a566\" data-element_type=\"column\">\n\t\t\t<div class=\"elementor-widget-wrap elementor-element-populated\">\n\t\t\t\t\t\t<div class=\"elementor-element elementor-element-7e13f03 elementor-widget elementor-widget-heading\" data-id=\"7e13f03\" data-element_type=\"widget\" data-widget_type=\"heading.default\">\n\t\t\t\t<div class=\"elementor-widget-container\">\n\t\t\t<style>\/*! elementor - v3.23.0 - 15-07-2024 *\/\n.elementor-heading-title{padding:0;margin:0;line-height:1}.elementor-widget-heading .elementor-heading-title[class*=elementor-size-]>a{color:inherit;font-size:inherit;line-height:inherit}.elementor-widget-heading .elementor-heading-title.elementor-size-small{font-size:15px}.elementor-widget-heading .elementor-heading-title.elementor-size-medium{font-size:19px}.elementor-widget-heading .elementor-heading-title.elementor-size-large{font-size:29px}.elementor-widget-heading .elementor-heading-title.elementor-size-xl{font-size:39px}.elementor-widget-heading .elementor-heading-title.elementor-size-xxl{font-size:59px}<\/style><h2 class=\"elementor-heading-title elementor-size-default\">Merc\u00e8 Pomar Espai<\/h2>\t\t<\/div>\n\t\t\t\t<\/div>\n\t\t\t\t<div class=\"elementor-element elementor-element-f25df79 elementor-widget elementor-widget-heading\" data-id=\"f25df79\" data-element_type=\"widget\" data-widget_type=\"heading.default\">\n\t\t\t\t<div class=\"elementor-widget-container\">\n\t\t\t<h3 class=\"elementor-heading-title elementor-size-default\">Perspectiva social i psicol\u00f2gica\n\n<\/h3>\t\t<\/div>\n\t\t\t\t<\/div>\n\t\t\t\t<div class=\"elementor-element elementor-element-c57a99c elementor-widget elementor-widget-text-editor\" data-id=\"c57a99c\" data-element_type=\"widget\" data-widget_type=\"text-editor.default\">\n\t\t\t\t<div class=\"elementor-widget-container\">\n\t\t\t<style>\/*! elementor - v3.23.0 - 15-07-2024 *\/\n.elementor-widget-text-editor.elementor-drop-cap-view-stacked .elementor-drop-cap{background-color:#69727d;color:#fff}.elementor-widget-text-editor.elementor-drop-cap-view-framed .elementor-drop-cap{color:#69727d;border:3px solid;background-color:transparent}.elementor-widget-text-editor:not(.elementor-drop-cap-view-default) .elementor-drop-cap{margin-top:8px}.elementor-widget-text-editor:not(.elementor-drop-cap-view-default) .elementor-drop-cap-letter{width:1em;height:1em}.elementor-widget-text-editor .elementor-drop-cap{float:left;text-align:center;line-height:1;font-size:50px}.elementor-widget-text-editor .elementor-drop-cap-letter{display:inline-block}<\/style>\t\t\t\t<p>Merc\u00e8 Pomar Espai \u00e9s un projecte que s&#8217;inicia l&#8217;any 2023 apostant per un enfocament i praxi professional per crear el primer centre de mediaci\u00f3 privat a les Illes Balears, ubicat a Ciutadella de Menorca, que promou i gestiona la resoluci\u00f3 alternativa de conflictes.<\/p>\n<p>Des del centre contribu\u00efm a la pau i al benestar social, a partir d\u201fun di\u00e0leg que facilita l&#8217;entesa entre persones. Ens proposem, doncs, millorar la conviv\u00e8ncia a trav\u00e9s de l&#8217;experi\u00e8ncia que la resoluci\u00f3 dels conflictes ens apropa i ens mostra el que tenim en com\u00fa.<\/p>\n<p>Al nostre centre s&#8217;apliquen t\u00e8cniques recopilades en els anys d&#8217;experi\u00e8ncia laboral i formativa, alimentades de diferents fonts com s\u00f3n: la mediaci\u00f3, programaci\u00f3 neuroling\u00fc\u00edstica, ter\u00e0pia sist\u00e8mica breu, comunicaci\u00f3 no violent, entre moltes altres\u2026<\/p>\n<p>Oferim serveis jur\u00eddics i serveis privats de mediaci\u00f3, ja sigui en processos familiars o individuals, des d&#8217;una perspectiva social i psicol\u00f2gica.<\/p>\n<p>Merc\u00e8 Pomar Espai ofereix un espai tranquil i de confian\u00e7a a Ciutadella de Menorca, on les persones, que tinguin voluntat de buscar acords i gestionar aquelles situacions en qu\u00e8 sorgeixen difer\u00e8ncies dins de qualsevol \u00e0mbit de relaci\u00f3, s&#8217;hi puguin trobar.<\/p>\n\t\t\t\t\t\t<\/div>\n\t\t\t\t<\/div>\n\t\t\t\t\t<\/div>\n\t\t<\/div>\n\t\t\t\t\t<\/div>\n\t\t<\/section>\n\t\t\t\t\t<\/div>\n\t\t<\/div>\n\t\t\t\t\t<\/div>\n\t\t<\/section>\n\t\t\t\t<section class=\"elementor-section elementor-top-section elementor-element elementor-element-79fa1a5 elementor-section-boxed elementor-section-height-default elementor-section-height-default\" data-id=\"79fa1a5\" data-element_type=\"section\" data-settings=\"{&quot;background_background&quot;:&quot;classic&quot;}\">\n\t\t\t\t\t\t<div class=\"elementor-container elementor-column-gap-default\">\n\t\t\t\t\t<div class=\"elementor-column elementor-col-100 elementor-top-column elementor-element elementor-element-131dd1c\" data-id=\"131dd1c\" data-element_type=\"column\">\n\t\t\t<div class=\"elementor-widget-wrap elementor-element-populated\">\n\t\t\t\t\t\t<div class=\"elementor-element elementor-element-1c4bbee elementor-widget__width-initial elementor-widget elementor-widget-text-editor\" data-id=\"1c4bbee\" data-element_type=\"widget\" data-widget_type=\"text-editor.default\">\n\t\t\t\t<div class=\"elementor-widget-container\">\n\t\t\t\t\t\t\t<p data-pm-slice=\"1 1 []\">\u201c<strong>Quan una porta es tanca, s&#8217;obre una finestra<\/strong><em><strong>\u201d, doncs, siguem nosaltres els encarregats de buscar aquestes finestres i obrir-les<\/strong> <br \/><\/em><\/p>\n\t\t\t\t\t\t<\/div>\n\t\t\t\t<\/div>\n\t\t\t\t\t<\/div>\n\t\t<\/div>\n\t\t\t\t\t<\/div>\n\t\t<\/section>\n\t\t\t\t<section class=\"elementor-section elementor-top-section elementor-element elementor-element-5eafbe9 elementor-section-full_width elementor-section-height-default elementor-section-height-default\" data-id=\"5eafbe9\" data-element_type=\"section\">\n\t\t\t\t\t\t<div class=\"elementor-container elementor-column-gap-no\">\n\t\t\t\t\t<div class=\"elementor-column elementor-col-100 elementor-top-column elementor-element elementor-element-4b3f45c\" data-id=\"4b3f45c\" data-element_type=\"column\" data-settings=\"{&quot;background_background&quot;:&quot;classic&quot;}\">\n\t\t\t<div class=\"elementor-widget-wrap elementor-element-populated\">\n\t\t\t\t\t<div class=\"elementor-background-overlay\"><\/div>\n\t\t\t\t\t\t<div class=\"elementor-element elementor-element-9738fb0 elementor-align-center nuestros-servicios-home elementor-widget elementor-widget-boomdevs-services-post\" data-id=\"9738fb0\" data-element_type=\"widget\" data-widget_type=\"boomdevs-services-post.default\">\n\t\t\t\t<div class=\"elementor-widget-container\">\n\t\t\t\r\n\t\t<div class=\"service-slider-area style-1\" style=\"background: url();\">\r\n\t\t\t<div class=\"section-overlay\"><\/div>\r\n\t\t\t\t\t\t<div class=\"container\">\r\n\t\t\t\t\t\t\t\t\t<div class=\"row\">\r\n\t\t\t\t\t\t<div class=\"col-12\">\r\n\t\t\t\t\t\t\t<div class=\"section-title text-center mb-64\">\r\n\t\t\t\t\t\t\t\t\t\t\t\t\t\t\t\t\t<h2 class=\"title text-white\">\r\n\t\t\t\t\t\t\t\t\t\t<span class=\"under-line\"> \r\n\t\t\t\t\t\t\t\t\t\t\tCom puc \r\n\t\t\t\t\t\t\t\t\t\t\tajudar? \r\n\t\t\t\t\t\t\t\t\t\t\t\t\t\t\t\t\t\t\t\t\t<\/span> \r\n\t\t\t\t\t\t\t\t\t\t                        \t\t\t<\/h2>\r\n\t\t\t\t\t\t\t\t\r\n\t\t\t\t\t\t\t\t\t\t\t\t\t\t\t\t\t<p class=\"desc text-white\">Al nostre centre de mediaci\u00f3 privat, oferim una \u00e0mplia varietat de serveis per ajudar-te a resoldre conflictes de manera efectiva i eficient.<\/p>\r\n\t\t\t\t\t\t\t\t\t\t\t\t\t\t\t<\/div>\r\n\t\t\t\t\t\t<\/div>\r\n\t\t\t\t\t<\/div>\r\n\t\t\t\t\r\n\t\t\t\t<div class=\"row\">\r\n\t\t\t\t\t<div class=\"service-slider\" id=\"service-carousel-9738fb0\" data-autoplay=\"true\" data-autoplay-speed=\"3000\" data-slide-speed=\"1500\" data-slides-show-desktop=\"3\" data-slides-show-tablet=\"2\" data-slides-show-mobile=\"1\" data-slides-scroll=\"1\" data-loop=\"true\" data-dots=\"false\" data-arrows=\"true\" data-swipe-slide=\"true\" data-pause-hover=\"true\">\r\n\t\t\t\t\t\t\t\t\t\t\t\t\t\t<div class=\"icon-card\">\r\n\t\t\t\t\t\t\t\t\t<a href=\"https:\/\/www.mercepomar.com\/ca\/services\/mediacio-i-conciliacio\/\" class=\"icon\">\r\n\t\t\t\t\t\t\t\t\t\t<span class=\"icon-color\"><\/span>\r\n\t\t\t\t\t\t\t\t\t\t<i class=\"icon-commitment\"><\/i>\r\n\t\t\t\t\t\t\t\t\t<\/a>\r\n\t\t\t\t\t\t\t\t\t<div class=\"content\">\r\n\t\t\t\t\t\t\t\t\t\t<a href=\"https:\/\/www.mercepomar.com\/ca\/services\/mediacio-i-conciliacio\/\"><h5 class=\"title\">Mediaci\u00f3 i conciliaci\u00f3<\/h5><\/a>\r\n\t\t\t\t\t\t\t\t\t\t<p class=\"desc\">La mediaci\u00f3 i la conciliaci\u00f3 s\u00f3n dos m\u00e8todes alternatius de resoluci\u00f3 de conflictes que volen facilitar el di\u00e0leg i l'acord entre les parts involucrades.<\/p>\r\n\t\t\t\t\t\t\t\t\t<\/div>\r\n\t\t\t\t\t\t\t\t<\/div>\r\n\t\t\t\t\t\t\t\t\t\t\t\t\t\t\t<div class=\"icon-card\">\r\n\t\t\t\t\t\t\t\t\t<a href=\"https:\/\/www.mercepomar.com\/ca\/services\/espai-juridic\/\" class=\"icon\">\r\n\t\t\t\t\t\t\t\t\t\t<span class=\"icon-color\"><\/span>\r\n\t\t\t\t\t\t\t\t\t\t<i class=\"fa-thin fa-scale-balanced\"><\/i>\r\n\t\t\t\t\t\t\t\t\t<\/a>\r\n\t\t\t\t\t\t\t\t\t<div class=\"content\">\r\n\t\t\t\t\t\t\t\t\t\t<a href=\"https:\/\/www.mercepomar.com\/ca\/services\/espai-juridic\/\"><h5 class=\"title\">Espai jur\u00eddic<\/h5><\/a>\r\n\t\t\t\t\t\t\t\t\t\t<p class=\"desc\">Acompanyem els nostres clients al llarg de totes les fases del cicle vital que es tracti amb l'enfocament multidisciplinari necessari.<\/p>\r\n\t\t\t\t\t\t\t\t\t<\/div>\r\n\t\t\t\t\t\t\t\t<\/div>\r\n\t\t\t\t\t\t\t\t\t\t\t\t\t\t\t<div class=\"icon-card\">\r\n\t\t\t\t\t\t\t\t\t<a href=\"https:\/\/www.mercepomar.com\/ca\/services\/espai-de-coaching\/\" class=\"icon\">\r\n\t\t\t\t\t\t\t\t\t\t<span class=\"icon-color\"><\/span>\r\n\t\t\t\t\t\t\t\t\t\t<i class=\"icon-human-resources\"><\/i>\r\n\t\t\t\t\t\t\t\t\t<\/a>\r\n\t\t\t\t\t\t\t\t\t<div class=\"content\">\r\n\t\t\t\t\t\t\t\t\t\t<a href=\"https:\/\/www.mercepomar.com\/ca\/services\/espai-de-coaching\/\"><h5 class=\"title\">Espai de coaching<\/h5><\/a>\r\n\t\t\t\t\t\t\t\t\t\t<p class=\"desc\">Din\u00e0mica d'autoconsci\u00e8ncia, establiment de metes, elaboraci\u00f3 i posada en pr\u00e0ctica de plans d'acci\u00f3, actuant com un element facilitador que afavoreix una din\u00e0mica de transformaci\u00f3 personal i de canvi.<\/p>\r\n\t\t\t\t\t\t\t\t\t<\/div>\r\n\t\t\t\t\t\t\t\t<\/div>\r\n\t\t\t\t\t\t\t\t\t\t\t\t\t\t\t<div class=\"icon-card\">\r\n\t\t\t\t\t\t\t\t\t<a href=\"https:\/\/www.mercepomar.com\/ca\/services\/espai-formacio\/\" class=\"icon\">\r\n\t\t\t\t\t\t\t\t\t\t<span class=\"icon-color\"><\/span>\r\n\t\t\t\t\t\t\t\t\t\t<i class=\"icon-process-development\"><\/i>\r\n\t\t\t\t\t\t\t\t\t<\/a>\r\n\t\t\t\t\t\t\t\t\t<div class=\"content\">\r\n\t\t\t\t\t\t\t\t\t\t<a href=\"https:\/\/www.mercepomar.com\/ca\/services\/espai-formacio\/\"><h5 class=\"title\">Espai formaci\u00f3<\/h5><\/a>\r\n\t\t\t\t\t\t\t\t\t\t<p class=\"desc\">Des del nostre espai dissenyem cada Formaci\u00f3 com un gran projecte amb un objectiu i una metodologia, encara que siguin els participants els que al final determinen com evoluciona i com es desenvolupa.<\/p>\r\n\t\t\t\t\t\t\t\t\t<\/div>\r\n\t\t\t\t\t\t\t\t<\/div>\r\n\t\t\t\t\t\t\t\t\t\t\t\t<\/div>\r\n\r\n\t\t\t\t\t\t\t\t\t\t\t<div class=\"col-12 col-md-12 col-xl-12 col-lg-12\">\r\n\t\t\t\t\t\t\t<div class=\"text-center mt-64 service_slider_btn\">\r\n\t\t\t\t\t\t\t\t<a href=\"\/ca\/serveis-disponibles\/\" target=\"_blank\" class=\"theme-btn image-card-btn style-four\">\r\n\t\t\t\t\t\t\t\t\t<span>Qu\u00e8 ofereixo<\/span>\r\n\t\t\t\t\t\t\t\t<\/a>\r\n\t\t\t\t\t\t\t<\/div>\r\n\t\t\t\t\t\t<\/div>\r\n\t\t\t\t\t\t\t\t\t<\/div>\r\n\t\t\t<\/div>\r\n\t\t<\/div>\r\n\r\n\t\t\t\r\n\r\n\r\n\t\t\t<\/div>\n\t\t\t\t<\/div>\n\t\t\t\t\t<\/div>\n\t\t<\/div>\n\t\t\t\t\t<\/div>\n\t\t<\/section>\n\t\t\t\t<section class=\"elementor-section elementor-top-section elementor-element elementor-element-3c0af79 elementor-section-full_width elementor-section-height-default elementor-section-height-default\" data-id=\"3c0af79\" data-element_type=\"section\">\n\t\t\t\t\t\t<div class=\"elementor-container elementor-column-gap-no\">\n\t\t\t\t\t<div class=\"elementor-column elementor-col-100 elementor-top-column elementor-element elementor-element-fb30e6c\" data-id=\"fb30e6c\" data-element_type=\"column\">\n\t\t\t<div class=\"elementor-widget-wrap elementor-element-populated\">\n\t\t\t\t\t\t<div class=\"elementor-element elementor-element-9d3d3ab elementor-align-left elementor-widget elementor-widget-boomdevs-counter\" data-id=\"9d3d3ab\" data-element_type=\"widget\" data-settings=\"{&quot;_animation&quot;:&quot;none&quot;}\" data-widget_type=\"boomdevs-counter.default\">\n\t\t\t\t<div class=\"elementor-widget-container\">\n\t\t\t\r\n\t<div class=\"counter-up-area style-1\" style=\"background-image: url(https:\/\/www.mercepomar.com\/wp-content\/uploads\/2024\/04\/a-photo-of-a-woman-psychologist-with-her-back-turned-sitting-in-an-office-writing-on-a-piece-of-paper-in-front-of-a-couple-0.webp)\">\r\n\t\t\r\n        \r\n        <div class=\"overlay\"><\/div>\r\n        <div class=\"container\">\r\n            <div class=\"row\">\r\n\t\t\t\t\t\t\t\t\t<div class=\"col-lg-12\">\r\n\t\t\t\t\t\t<div class=\"section-title\">\r\n\t\t\t\t\t\t\t\t\t\t\t\t\t\t\t<h2 class=\"title text-center text-white\">\r\n\t\t\t\t\t\t\t\t\tEl teu \u00e8xit, \r\n\t\t\t\t\t\t\t\t\t<span class=\"under-line\">\r\n\t\t\t\t\t\t\t\t\t\t\tels nostres resultats \r\n\t\t\t\t\t\t\t\t\t\t\t\t\t\t\t\t\t\t\t\t<\/span>\r\n\t\t\t\t\t\t\t\t\t\t\t\t\t\t\t\t\t<\/h2>\r\n\t\t\t\t\t\t\t\r\n\t\t\t\t\t\t\t\t\t\t\t\t\t\t\t<p class=\"desc text-white\">Ens esforcem en proporcionar cobertura personalitzada a totes les nostres\n<br \/>\u00e0rees d'intervenci\u00f3, aconseguint els millors resultats.<\/p>\r\n\t\t\t\t\t\t\t\t\t\t\t\t\t<\/div>\r\n\r\n\t\t\t\t\t\t\t\t\t\t\t<\/div>\r\n\t\t\t\t\r\n                <div class=\"col-lg-12\">\r\n                    <div class=\"counter-card\">\r\n\t\t\t\t\t                        <div class=\"counter-item\">\r\n                            <div class=\"counter-title\">\r\n\t\t\t\t\t\t\t\t\t\t\t\t\t\t\t\t\t<h2 class=\"number\">\r\n\t\t\t\t\t\t\t\t\t\t<span class=\"counter\">100<\/span>+\t\t\t\t\t\t\t\t\t<\/h2>\r\n\t\t\t\t\t\t\t\t\t\r\n                            <\/div>\r\n\t\t\t\t\t\t\t\t\t\t\t\t\t\t\t<div class=\"counter-content\">\r\n\t\t\t\t\t\t\t\t\t<p class=\"text\">Casos de mediaci\u00f3<\/p>\r\n\t\t\t\t\t\t\t\t<\/div>\r\n\t\t\t\t\t\t\t                        <\/div>\r\n\t\t\t\t\t                        <div class=\"counter-item\">\r\n                            <div class=\"counter-title\">\r\n\t\t\t\t\t\t\t\t\t\t\t\t\t\t\t\t\t<h2 class=\"number\">\r\n\t\t\t\t\t\t\t\t\t\t<span class=\"counter\">180<\/span>+\t\t\t\t\t\t\t\t\t<\/h2>\r\n\t\t\t\t\t\t\t\t\t\r\n                            <\/div>\r\n\t\t\t\t\t\t\t\t\t\t\t\t\t\t\t<div class=\"counter-content\">\r\n\t\t\t\t\t\t\t\t\t<p class=\"text\">Casos de conciliaci\u00f3<\/p>\r\n\t\t\t\t\t\t\t\t<\/div>\r\n\t\t\t\t\t\t\t                        <\/div>\r\n\t\t\t\t\t                        <div class=\"counter-item\">\r\n                            <div class=\"counter-title\">\r\n\t\t\t\t\t\t\t\t\t\t\t\t\t\t\t\t\t<h2 class=\"number\">\r\n\t\t\t\t\t\t\t\t\t\t<span class=\"counter\">250<\/span>+\t\t\t\t\t\t\t\t\t<\/h2>\r\n\t\t\t\t\t\t\t\t\t\r\n                            <\/div>\r\n\t\t\t\t\t\t\t\t\t\t\t\t\t\t\t<div class=\"counter-content\">\r\n\t\t\t\t\t\t\t\t\t<p class=\"text\">Clients satisfets<\/p>\r\n\t\t\t\t\t\t\t\t<\/div>\r\n\t\t\t\t\t\t\t                        <\/div>\r\n\t\t\t\t\t                        <div class=\"counter-item\">\r\n                            <div class=\"counter-title\">\r\n\t\t\t\t\t\t\t\t\t\t\t\t\t\t\t\t\t<h2 class=\"number\">\r\n\t\t\t\t\t\t\t\t\t\t<span class=\"counter\">30<\/span>+\t\t\t\t\t\t\t\t\t<\/h2>\r\n\t\t\t\t\t\t\t\t\t\r\n                            <\/div>\r\n\t\t\t\t\t\t\t\t\t\t\t\t\t\t\t<div class=\"counter-content\">\r\n\t\t\t\t\t\t\t\t\t<p class=\"text\">Expedients actius<\/p>\r\n\t\t\t\t\t\t\t\t<\/div>\r\n\t\t\t\t\t\t\t                        <\/div>\r\n\t\t\t\t\t\r\n                    <\/div>\r\n                <\/div>\r\n            <\/div>\r\n        <\/div>\r\n    <\/div>\r\n\r\n\t\t\t<\/div>\n\t\t\t\t<\/div>\n\t\t\t\t\t<\/div>\n\t\t<\/div>\n\t\t\t\t\t<\/div>\n\t\t<\/section>\n\t\t\t\t<section class=\"elementor-section elementor-top-section elementor-element elementor-element-a93227d elementor-section-boxed elementor-section-height-default elementor-section-height-default\" data-id=\"a93227d\" data-element_type=\"section\" data-settings=\"{&quot;background_background&quot;:&quot;classic&quot;}\">\n\t\t\t\t\t\t<div class=\"elementor-container elementor-column-gap-default\">\n\t\t\t\t\t<div class=\"elementor-column elementor-col-100 elementor-top-column elementor-element elementor-element-709ad5b\" data-id=\"709ad5b\" data-element_type=\"column\">\n\t\t\t<div class=\"elementor-widget-wrap elementor-element-populated\">\n\t\t\t\t\t\t<div class=\"elementor-element elementor-element-b7d8fa1 elementor-widget elementor-widget-text-editor\" data-id=\"b7d8fa1\" data-element_type=\"widget\" data-widget_type=\"text-editor.default\">\n\t\t\t\t<div class=\"elementor-widget-container\">\n\t\t\t\t\t\t\t<p data-pm-slice=\"1 1 []\"><em><strong>Els conflictes formen part de la vida. No els podem evitar, per\u00f2 podem decidir com afrontar-los. <\/strong><\/em><\/p>\n<p data-pm-slice=\"1 1 []\"><em>Podem decidir si realment val la pena emprendre una lluita desgastant o si \u00e9s m\u00e9s important el nostre equilibri mental. No podem controlar les circumst\u00e0ncies que sovint donen peu a conflictes, per\u00f2 podem triar com reaccionar. I de vegades aix\u00f2 \u00e9s suficient perqu\u00e8 tot canvi\u00ef.<\/em><\/p>\n\t\t\t\t\t\t<\/div>\n\t\t\t\t<\/div>\n\t\t\t\t\t<\/div>\n\t\t<\/div>\n\t\t\t\t\t<\/div>\n\t\t<\/section>\n\t\t\t\t<section class=\"elementor-section elementor-top-section elementor-element elementor-element-a9a8468 elementor-section-full_width elementor-section-height-default elementor-section-height-default\" data-id=\"a9a8468\" data-element_type=\"section\">\n\t\t\t\t\t\t<div class=\"elementor-container elementor-column-gap-no\">\n\t\t\t\t\t<div class=\"elementor-column elementor-col-100 elementor-top-column elementor-element elementor-element-ebf83b8\" data-id=\"ebf83b8\" data-element_type=\"column\">\n\t\t\t<div class=\"elementor-widget-wrap elementor-element-populated\">\n\t\t\t\t\t\t<div class=\"elementor-element elementor-element-27fcb2c elementor-align-left elementor-widget elementor-widget-bdevs-blog-post\" data-id=\"27fcb2c\" data-element_type=\"widget\" data-widget_type=\"bdevs-blog-post.default\">\n\t\t\t\t<div class=\"elementor-widget-container\">\n\t\t\t\t\t\t<div class=\"latest-posts-area style-2\">\r\n\t\t\t\t\t\t\t\t<div class=\"container\">\r\n\t\t\t\t\t\t\t\t\t\t<div class=\"row\">\r\n\t\t\t\t\t\t<div class=\"col-lg-12\">\r\n\t\t\t\t\t\t\t<div class=\"section-title style-two mb-64 align-items-start align-items-lg-center \">\r\n\t\t\t\t\t\t\t\t\t\t\t\t\t\t\t\t\t<h2 class=\"title text-start\">\r\n\t\t\t\t\t\t\t\t\t\tNot\u00edcies<br \/>i novetats                            \t\t\t<span class=\"under-line\"> \r\n\t\t\t\t\t\t\t\t\t\t\t \r\n\t\t\t\t\t\t\t\t\t\t\t\t\t\t\t\t\t\t\t\t\t<\/span>\r\n\t\t\t\t\t\t\t\t\t\t                        \t\t\t<\/h2>\r\n\t\t\t\t\t\t\t\t\r\n\t\t\t\t\t\t\t\t\t\t\t\t\t\t\t\t\t<div>\r\n\t\t\t\t\t\t\t\t\t\t<a href=\"https:\/\/www.mercepomar.com\/noticias\/\" target=\"_blank\" class=\"theme-btn\">Ver m\u00e1s noticias<\/a>\r\n\t\t\t\t\t\t\t\t\t<\/div>\r\n\t\t\t\t\t\t\t\t\t\t\t\t\t\t\t<\/div>\r\n\t\t\t\t\t\t<\/div>\r\n\t\t\t\t\t<\/div>\r\n\t\t\t\t\t\t\t\t\t\t<div class=\"row\">\r\n\t\t\t\t\t \r\n\t\t\t\t\t<\/div>\r\n\t\t\t\t<\/div>\r\n\t\t\t<\/div>\r\n\r\n\t\t\t\t\t<\/div>\n\t\t\t\t<\/div>\n\t\t\t\t<div class=\"elementor-element elementor-element-d44e9a0 elementor-grid-3 elementor-grid-tablet-2 elementor-grid-mobile-1 elementor-posts--thumbnail-top elementor-card-shadow-yes elementor-posts__hover-gradient elementor-widget elementor-widget-posts\" data-id=\"d44e9a0\" data-element_type=\"widget\" data-settings=\"{&quot;pagination_type&quot;:&quot;numbers&quot;,&quot;cards_columns&quot;:&quot;3&quot;,&quot;cards_columns_tablet&quot;:&quot;2&quot;,&quot;cards_columns_mobile&quot;:&quot;1&quot;,&quot;cards_row_gap&quot;:{&quot;unit&quot;:&quot;px&quot;,&quot;size&quot;:35,&quot;sizes&quot;:[]},&quot;cards_row_gap_tablet&quot;:{&quot;unit&quot;:&quot;px&quot;,&quot;size&quot;:&quot;&quot;,&quot;sizes&quot;:[]},&quot;cards_row_gap_mobile&quot;:{&quot;unit&quot;:&quot;px&quot;,&quot;size&quot;:&quot;&quot;,&quot;sizes&quot;:[]}}\" data-widget_type=\"posts.cards\">\n\t\t\t\t<div class=\"elementor-widget-container\">\n\t\t\t<link rel=\"stylesheet\" href=\"https:\/\/www.mercepomar.com\/wp-content\/plugins\/elementor-pro\/assets\/css\/widget-posts.min.css\">\t\t<div class=\"elementor-posts-container elementor-posts elementor-posts--skin-cards elementor-grid\">\n\t\t\t\t<article class=\"elementor-post elementor-grid-item post-5001 post type-post status-publish format-standard has-post-thumbnail hentry category-noticies\">\n\t\t\t<div class=\"elementor-post__card\">\n\t\t\t\t<a class=\"elementor-post__thumbnail__link\" href=\"https:\/\/www.mercepomar.com\/ca\/el-repte-deducar-fills-digitals\/\" tabindex=\"-1\" ><div class=\"elementor-post__thumbnail\"><img fetchpriority=\"high\" decoding=\"async\" width=\"1797\" height=\"1199\" src=\"https:\/\/www.mercepomar.com\/wp-content\/uploads\/2024\/02\/educar-hijos-digitalmente-2.jpg\" class=\"attachment-full size-full wp-image-5012\" alt=\"Educar hijos digitalmente 2\" srcset=\"https:\/\/www.mercepomar.com\/wp-content\/uploads\/2024\/02\/educar-hijos-digitalmente-2.jpg 1797w, https:\/\/www.mercepomar.com\/wp-content\/uploads\/2024\/02\/educar-hijos-digitalmente-2-300x200.jpg 300w, https:\/\/www.mercepomar.com\/wp-content\/uploads\/2024\/02\/educar-hijos-digitalmente-2-1024x683.jpg 1024w, https:\/\/www.mercepomar.com\/wp-content\/uploads\/2024\/02\/educar-hijos-digitalmente-2-768x512.jpg 768w, https:\/\/www.mercepomar.com\/wp-content\/uploads\/2024\/02\/educar-hijos-digitalmente-2-1536x1025.jpg 1536w\" sizes=\"(max-width: 1797px) 100vw, 1797px\" \/><\/div><\/a>\n\t\t\t\t<div class=\"elementor-post__text\">\n\t\t\t\t<h3 class=\"elementor-post__title\">\n\t\t\t<a href=\"https:\/\/www.mercepomar.com\/ca\/el-repte-deducar-fills-digitals\/\" >\n\t\t\t\tEl repte d&#8217;educar fills digitals.\t\t\t<\/a>\n\t\t<\/h3>\n\t\t\t\t<div class=\"elementor-post__excerpt\">\n\t\t\t<p>Al setembre es torna a iniciar el curs escolar i tot all\u00f2 que aix\u00f2 comporta.<\/p>\n\t\t<\/div>\n\t\t\t\t\t<div class=\"elementor-post__read-more-wrapper\">\n\t\t\n\t\t<a class=\"elementor-post__read-more\" href=\"https:\/\/www.mercepomar.com\/ca\/el-repte-deducar-fills-digitals\/\" aria-label=\"Read more about El repte d&#8217;educar fills digitals.\" tabindex=\"-1\" >\n\t\t\tLlegir m\u00e9s &gt;\t\t<\/a>\n\n\t\t\t\t\t<\/div>\n\t\t\t\t<\/div>\n\t\t\t\t\t<\/div>\n\t\t<\/article>\n\t\t\t\t<article class=\"elementor-post elementor-grid-item post-5131 post type-post status-publish format-standard has-post-thumbnail hentry category-noticies\">\n\t\t\t<div class=\"elementor-post__card\">\n\t\t\t\t<a class=\"elementor-post__thumbnail__link\" href=\"https:\/\/www.mercepomar.com\/ca\/adolescents-enganxats-a-la-pornografia\/\" tabindex=\"-1\" ><div class=\"elementor-post__thumbnail\"><img decoding=\"async\" width=\"1500\" height=\"1000\" src=\"https:\/\/www.mercepomar.com\/wp-content\/uploads\/2024\/02\/adolescentes-enganchados-pornografia.jpg\" class=\"attachment-full size-full wp-image-5133\" alt=\"Adolescentes enganchados pornografia\" srcset=\"https:\/\/www.mercepomar.com\/wp-content\/uploads\/2024\/02\/adolescentes-enganchados-pornografia.jpg 1500w, https:\/\/www.mercepomar.com\/wp-content\/uploads\/2024\/02\/adolescentes-enganchados-pornografia-300x200.jpg 300w, https:\/\/www.mercepomar.com\/wp-content\/uploads\/2024\/02\/adolescentes-enganchados-pornografia-1024x683.jpg 1024w, https:\/\/www.mercepomar.com\/wp-content\/uploads\/2024\/02\/adolescentes-enganchados-pornografia-768x512.jpg 768w\" sizes=\"(max-width: 1500px) 100vw, 1500px\" \/><\/div><\/a>\n\t\t\t\t<div class=\"elementor-post__text\">\n\t\t\t\t<h3 class=\"elementor-post__title\">\n\t\t\t<a href=\"https:\/\/www.mercepomar.com\/ca\/adolescents-enganxats-a-la-pornografia\/\" >\n\t\t\t\tAdolescents enganxats a la pornografia?\t\t\t<\/a>\n\t\t<\/h3>\n\t\t\t\t<div class=\"elementor-post__excerpt\">\n\t\t\t<p>Existeix l&#8217;addicci\u00f3 a la pornografia? Est\u00e0 sent un problema de salut mental la creixent prevalen\u00e7a<\/p>\n\t\t<\/div>\n\t\t\t\t\t<div class=\"elementor-post__read-more-wrapper\">\n\t\t\n\t\t<a class=\"elementor-post__read-more\" href=\"https:\/\/www.mercepomar.com\/ca\/adolescents-enganxats-a-la-pornografia\/\" aria-label=\"Read more about Adolescents enganxats a la pornografia?\" tabindex=\"-1\" >\n\t\t\tLlegir m\u00e9s &gt;\t\t<\/a>\n\n\t\t\t\t\t<\/div>\n\t\t\t\t<\/div>\n\t\t\t\t\t<\/div>\n\t\t<\/article>\n\t\t\t\t<article class=\"elementor-post elementor-grid-item post-5031 post type-post status-publish format-standard has-post-thumbnail hentry category-noticies\">\n\t\t\t<div class=\"elementor-post__card\">\n\t\t\t\t<a class=\"elementor-post__thumbnail__link\" href=\"https:\/\/www.mercepomar.com\/ca\/fem-una-mirada-critica-a-la-prevencio-del-suicidi-en-adolescents\/\" tabindex=\"-1\" ><div class=\"elementor-post__thumbnail\"><img decoding=\"async\" width=\"1280\" height=\"914\" src=\"https:\/\/www.mercepomar.com\/wp-content\/uploads\/2024\/02\/prevencion-suicidio.jpg\" class=\"attachment-full size-full wp-image-5040\" alt=\"Prevenci\u00f3n suicidio adolescentes\" srcset=\"https:\/\/www.mercepomar.com\/wp-content\/uploads\/2024\/02\/prevencion-suicidio.jpg 1280w, https:\/\/www.mercepomar.com\/wp-content\/uploads\/2024\/02\/prevencion-suicidio-300x214.jpg 300w, https:\/\/www.mercepomar.com\/wp-content\/uploads\/2024\/02\/prevencion-suicidio-1024x731.jpg 1024w, https:\/\/www.mercepomar.com\/wp-content\/uploads\/2024\/02\/prevencion-suicidio-768x548.jpg 768w\" sizes=\"(max-width: 1280px) 100vw, 1280px\" \/><\/div><\/a>\n\t\t\t\t<div class=\"elementor-post__text\">\n\t\t\t\t<h3 class=\"elementor-post__title\">\n\t\t\t<a href=\"https:\/\/www.mercepomar.com\/ca\/fem-una-mirada-critica-a-la-prevencio-del-suicidi-en-adolescents\/\" >\n\t\t\t\tFem una mirada cr\u00edtica a la prevenci\u00f3 del su\u00efcidi en adolescents.\t\t\t<\/a>\n\t\t<\/h3>\n\t\t\t\t<div class=\"elementor-post__excerpt\">\n\t\t\t<p>La mediaci\u00f3 \u00e9s una eina alternativa de gestionar els conflictes que t\u00e9 en compte en<\/p>\n\t\t<\/div>\n\t\t\t\t\t<div class=\"elementor-post__read-more-wrapper\">\n\t\t\n\t\t<a class=\"elementor-post__read-more\" href=\"https:\/\/www.mercepomar.com\/ca\/fem-una-mirada-critica-a-la-prevencio-del-suicidi-en-adolescents\/\" aria-label=\"Read more about Fem una mirada cr\u00edtica a la prevenci\u00f3 del su\u00efcidi en adolescents.\" tabindex=\"-1\" >\n\t\t\tLlegir m\u00e9s &gt;\t\t<\/a>\n\n\t\t\t\t\t<\/div>\n\t\t\t\t<\/div>\n\t\t\t\t\t<\/div>\n\t\t<\/article>\n\t\t\t\t<\/div>\n\t\t\n\t\t\t\t<div class=\"e-load-more-anchor\" data-page=\"1\" data-max-page=\"5\" data-next-page=\"https:\/\/www.mercepomar.com\/ca\/wp-json\/wp\/v2\/pages\/3877\/page\/2\/\"><\/div>\n\t\t\t\t<nav class=\"elementor-pagination\" aria-label=\"Paginaci\u00f3\">\n\t\t\t<span aria-current=\"page\" class=\"page-numbers current\"><span class=\"elementor-screen-only\">P\u00e0gina<\/span>1<\/span>\n<a class=\"page-numbers\" href=\"https:\/\/www.mercepomar.com\/ca\/wp-json\/wp\/v2\/pages\/3877\/page\/2\/\"><span class=\"elementor-screen-only\">P\u00e0gina<\/span>2<\/a>\n<a class=\"page-numbers\" href=\"https:\/\/www.mercepomar.com\/ca\/wp-json\/wp\/v2\/pages\/3877\/page\/3\/\"><span class=\"elementor-screen-only\">P\u00e0gina<\/span>3<\/a>\n<a class=\"page-numbers\" href=\"https:\/\/www.mercepomar.com\/ca\/wp-json\/wp\/v2\/pages\/3877\/page\/4\/\"><span class=\"elementor-screen-only\">P\u00e0gina<\/span>4<\/a>\t\t<\/nav>\n\t\t\t\t<\/div>\n\t\t\t\t<\/div>\n\t\t\t\t<div class=\"elementor-element elementor-element-4e44377 elementor-align-left elementor-widget elementor-widget-boomdevs-work-process\" data-id=\"4e44377\" data-element_type=\"widget\" data-widget_type=\"boomdevs-work-process.default\">\n\t\t\t\t<div class=\"elementor-widget-container\">\n\t\t\t    <div class=\"process-step-slider-area work-process-area style-1\">\r\n        <div class=\"container\">\r\n\t\t\t\t\t\t\t<div class=\"row justify-content-center\">\r\n\t\t\t\t\t<div class=\"col-lg-7\">\r\n\t\t\t\t\t\t<div class=\"section-title\">\r\n\t\t\t\t\t\t\t\t\t\t\t\t\t\t\t<h2 class=\"title text-center\">\r\n\t\t\t\t\t\t\t\t\t\r\n\t\t\t\t\t\t\t\t\t<span class=\"under-line\"> \r\n\t\t\t\t\t\t\t\t\t\tMediaci\u00f3 \r\n\t\t\t\t\t\t\t\t\t\t\t\t\t\t\t\t\t\t\t<\/span>\r\n\r\n\t\t\t\t\t\t\t\t\t                        \t\t<\/h2>\r\n\t\t\t\t\t\t\t\t\t\t\t\t\t<\/div>\r\n\t\t\t\t\t<\/div>\r\n\t\t\t\t<\/div>\r\n\t\t\t\r\n            <div class=\"row\">\r\n                <div class=\"col-12\">\r\n                    <div class=\"process-step-slider-tab\" id=\"process_step_slider_tab-4e44377\" data-autoplay=\"true\" data-autoplay-speed=\"3000\" data-slide-speed=\"1500\" data-slides-show-desktop=\"3\" data-slides-show-tablet=\"2\" data-slides-show-mobile=\"1\" data-slides-scroll=\"3\" data-loop=\"true\" data-swipe-slide=\"true\" data-pause-hover=\"true\">\r\n\r\n\t\t\t\t\t\t\r\n\t\t\t\t\t\t\t<div class=\"icon-card style-seven\">\r\n\t\t\t\t\t\t\t\t<div class=\"icon\">\r\n\t\t\t\t\t\t\t\t\t<i class=\"icon-analysis\"><\/i>\r\n\t\t\t\t\t\t\t\t<\/div>\r\n\t\t\t\t\t\t\t\t<div class=\"content\">\r\n\t\t\t\t\t\t\t\t\t<h4 class=\"title\">Qu\u00e8 \u00e9s la mediaci\u00f3?<\/h4>\r\n\t\t\t\t\t\t\t\t<\/div>\r\n\t\t\t\t\t\t\t<\/div>\r\n\r\n\t\t\t\t\t\t\r\n\t\t\t\t\t\t\t<div class=\"icon-card style-seven\">\r\n\t\t\t\t\t\t\t\t<div class=\"icon\">\r\n\t\t\t\t\t\t\t\t\t<i class=\"icon-execution\"><\/i>\r\n\t\t\t\t\t\t\t\t<\/div>\r\n\t\t\t\t\t\t\t\t<div class=\"content\">\r\n\t\t\t\t\t\t\t\t\t<h4 class=\"title\">A qui va dirigida la mediaci\u00f3?<\/h4>\r\n\t\t\t\t\t\t\t\t<\/div>\r\n\t\t\t\t\t\t\t<\/div>\r\n\r\n\t\t\t\t\t\t\r\n\t\t\t\t\t\t\t<div class=\"icon-card style-seven\">\r\n\t\t\t\t\t\t\t\t<div class=\"icon\">\r\n\t\t\t\t\t\t\t\t\t<i class=\"icon-launch\"><\/i>\r\n\t\t\t\t\t\t\t\t<\/div>\r\n\t\t\t\t\t\t\t\t<div class=\"content\">\r\n\t\t\t\t\t\t\t\t\t<h4 class=\"title\">Tipus de situacions en mediaci\u00f3<\/h4>\r\n\t\t\t\t\t\t\t\t<\/div>\r\n\t\t\t\t\t\t\t<\/div>\r\n\r\n\t\t\t\t\t\t\t\r\n                    <\/div>\r\n                    <div class=\"process-step-slider-wrapper\">\r\n\t\t\t\t\t\t\r\n                        <div class=\"process-step-slider\" id=\"process-step-slider-4e44377\" data-autoplay=\"true\" data-autoplay-speed=\"3000\" data-slide-speed=\"800\" data-slides-show-desktop=\"1\" data-slides-show-tablet=\"1\" data-slides-show-mobile=\"1\" data-slides-scroll=\"1\" data-loop=\"true\" data-dots=\"false\" data-arrows=\"false\" data-swipe-slide=\"true\" data-pause-hover=\"true\">\r\n\t\t\t\t\t\t                            <div class=\"process-step mt-24\">\r\n                                <div class=\"image\">\r\n\t\t\t\t\t\t\t\t\t                        \t\r\n\t\t\t\t\t\t\t\t\t\t<img decoding=\"async\" src=\"https:\/\/www.mercepomar.com\/wp-content\/uploads\/2024\/01\/que-es-la-mediacion-homee-2-1.png\" alt=\"que-es-la-mediacion-homee (2) (1)\">\r\n\t\t\t\t\t\t\t\t\t                                <\/div>\r\n                                <div class=\"content-wrapper\">\r\n                                    <div class=\"content\">\r\n\t\t\t\t\t\t\t\t\t\t\t\t\t\t\t\t\t\t\t\t\t<div class=\"icon\">\r\n\t\t\t\t\t\t\t\t\t\t\t\t<i class=\"icon-analysis\"><\/i>\r\n\t\t\t\t\t\t\t\t\t\t\t<\/div>\r\n\t\t\t\t\t\t\t\t\t\t\r\n                                        <div class=\"title-wrapper\">\r\n\t\t\t\t\t\t\t\t\t\t\t                                            \t<h4>Qu\u00e8 \u00e9s la mediaci\u00f3?<\/h4>\r\n\t\t\t\t\t\t\t\t\t\t\t\r\n\t\t\t\t\t\t\t\t\t\t\t                                            \t<p>La mediaci\u00f3 \u00e9s un m\u00e8tode col\u00b7laboratiu de gesti\u00f3 de conflictes fora de l\u00e0mbit judicial. Implica la participaci\u00f3 activa de les parts involucrades amb l'ajuda d'un mediador imparcial. Aquest professional facilita un espai de di\u00e0leg on les parts poden resoldre les seves discrep\u00e0ncies de manera col\u00b7laborativa, cercant acords m\u00fatuament satisfactoris. La mediaci\u00f3 es pot iniciar abans, durant o despr\u00e9s de processos judicials, abordant tant assumptes familiars com civils.<\/p>\r\n\t\t\t\t\t\t\t\t\t\t\t                                        <\/div>\r\n                                    <\/div>\r\n\t\t\t\t\t\t\t\t\t\t\t\t\t\t\t\t\t\t                                <\/div>\r\n                            <\/div>\r\n\t\t\t\t\t\t                            <div class=\"process-step mt-24\">\r\n                                <div class=\"image\">\r\n\t\t\t\t\t\t\t\t\t                        \t\r\n\t\t\t\t\t\t\t\t\t\t<img decoding=\"async\" src=\"https:\/\/www.mercepomar.com\/wp-content\/uploads\/2024\/01\/mediacion-dirigida-home-1.png\" alt=\"mediacion-dirigida-home (1)\">\r\n\t\t\t\t\t\t\t\t\t                                <\/div>\r\n                                <div class=\"content-wrapper\">\r\n                                    <div class=\"content\">\r\n\t\t\t\t\t\t\t\t\t\t\t\t\t\t\t\t\t\t\t\t\t<div class=\"icon\">\r\n\t\t\t\t\t\t\t\t\t\t\t\t<i class=\"icon-execution\"><\/i>\r\n\t\t\t\t\t\t\t\t\t\t\t<\/div>\r\n\t\t\t\t\t\t\t\t\t\t\r\n                                        <div class=\"title-wrapper\">\r\n\t\t\t\t\t\t\t\t\t\t\t                                            \t<h4>A qui va dirigida la mediaci\u00f3?<\/h4>\r\n\t\t\t\t\t\t\t\t\t\t\t\r\n\t\t\t\t\t\t\t\t\t\t\t                                            \t<p>La mediaci\u00f3 s'orienta a fam\u00edlies que cerquen decisions conjuntes sobre assumptes familiars i resoluci\u00f3 de conflictes relacionals (mediaci\u00f3 familiar). A m\u00e9s, s'aplica a persones a nivell civil, abordant conflictes en organitzacions, relacions ve\u00efnals, empreses i altres aspectes del dret civil (mediaci\u00f3 civil).<\/p>\r\n\t\t\t\t\t\t\t\t\t\t\t                                        <\/div>\r\n                                    <\/div>\r\n\t\t\t\t\t\t\t\t\t\t\t\t\t\t\t\t\t\t                                <\/div>\r\n                            <\/div>\r\n\t\t\t\t\t\t                            <div class=\"process-step mt-24\">\r\n                                <div class=\"image\">\r\n\t\t\t\t\t\t\t\t\t                        \t\r\n\t\t\t\t\t\t\t\t\t\t<img decoding=\"async\" src=\"https:\/\/www.mercepomar.com\/wp-content\/uploads\/2024\/01\/situaciones-mediacion-home-1.png\" alt=\"situaciones-mediacion-home (1)\">\r\n\t\t\t\t\t\t\t\t\t                                <\/div>\r\n                                <div class=\"content-wrapper\">\r\n                                    <div class=\"content\">\r\n\t\t\t\t\t\t\t\t\t\t\t\t\t\t\t\t\t\t\t\t\t<div class=\"icon\">\r\n\t\t\t\t\t\t\t\t\t\t\t\t<i class=\"icon-launch\"><\/i>\r\n\t\t\t\t\t\t\t\t\t\t\t<\/div>\r\n\t\t\t\t\t\t\t\t\t\t\r\n                                        <div class=\"title-wrapper\">\r\n\t\t\t\t\t\t\t\t\t\t\t                                            \t<h4>Tipus de situacions en mediaci\u00f3<\/h4>\r\n\t\t\t\t\t\t\t\t\t\t\t\r\n\t\t\t\t\t\t\t\t\t\t\t                                            \t<p>L'espai de mediaci\u00f3 aborda una varietat de situacions, com ara la separaci\u00f3 de parelles, la conviv\u00e8ncia entre pares i fills, l'organitzaci\u00f3 familiar per tenir cura dels avis, la successi\u00f3 d'empreses familiars, relacions deteriorades en organitzacions, conflictes ve\u00efnals, relacions laborals i empresarials, aix\u00ed com disputes entre persones que treballen juntes.<\/p>\r\n\t\t\t\t\t\t\t\t\t\t\t                                        <\/div>\r\n                                    <\/div>\r\n\t\t\t\t\t\t\t\t\t\t\t\t\t\t\t\t\t\t                                <\/div>\r\n                            <\/div>\r\n\t\t\t\t\t\t\t\t\r\n                        <\/div>\r\n                    <\/div>\r\n                <\/div>\r\n            <\/div>\r\n        <\/div>\r\n    <\/div>\r\n\r\n\t\t\t\t\t<\/div>\n\t\t\t\t<\/div>\n\t\t\t\t\t<\/div>\n\t\t<\/div>\n\t\t\t\t\t<\/div>\n\t\t<\/section>\n\t\t\t\t<section class=\"elementor-section elementor-top-section elementor-element elementor-element-5120cd2 elementor-section-full_width elementor-section-stretched elementor-section-height-default elementor-section-height-default\" data-id=\"5120cd2\" data-element_type=\"section\" data-settings=\"{&quot;background_background&quot;:&quot;classic&quot;,&quot;stretch_section&quot;:&quot;section-stretched&quot;}\">\n\t\t\t\t\t\t<div class=\"elementor-container elementor-column-gap-default\">\n\t\t\t\t\t<div class=\"elementor-column elementor-col-100 elementor-top-column elementor-element elementor-element-08fb9b8\" data-id=\"08fb9b8\" data-element_type=\"column\">\n\t\t\t<div class=\"elementor-widget-wrap elementor-element-populated\">\n\t\t\t\t\t\t<section class=\"elementor-section elementor-inner-section elementor-element elementor-element-d4bfed1 elementor-section-boxed elementor-section-height-default elementor-section-height-default\" data-id=\"d4bfed1\" data-element_type=\"section\">\n\t\t\t\t\t\t<div class=\"elementor-container elementor-column-gap-wider\">\n\t\t\t\t\t<div class=\"elementor-column elementor-col-100 elementor-inner-column elementor-element elementor-element-610e7b7\" data-id=\"610e7b7\" data-element_type=\"column\">\n\t\t\t<div class=\"elementor-widget-wrap elementor-element-populated\">\n\t\t\t\t\t\t<div class=\"elementor-element elementor-element-1a0bdf5 elementor-align-left elementor-widget elementor-widget-bdevs-contact\" data-id=\"1a0bdf5\" data-element_type=\"widget\" data-widget_type=\"bdevs-contact.default\">\n\t\t\t\t<div class=\"elementor-widget-container\">\n\t\t\t\r\n\t<div class=\"contact-form-area\">\r\n\t\t\t\t\t<div class=\"sketch\" style=\" background-image: url()\"><\/div>\r\n\t\t        \r\n        <div class=\"container\">\r\n            <div class=\"row\">\r\n\r\n\t\t\t\t\t\t\t\t\t<div class=\"col-lg-6\">\r\n\t\t\t\t\t\t<div class=\"section-title\">\t\r\n\t\t\t\t\t\t\t\t\t\t\t\t\t\t\t<h2 class=\"title text-start\">\r\n\t\t\t\t\t\t\t\t\t\t\t\t\t\t\t\t\t\t<span class=\"under-line\"> \r\n\t\t\t\t\t\t\t\t\t\tT'agradaria millorar la teva vida personal o professional? \r\n\t\t\t\t\t\t\t\t\t\t\t\t\t\t\t\t\t\t\t\t\t<img decoding=\"async\" src=\"\" alt=\"under-line\" \/>\r\n\t\t\t\t\t\t\t\t\t\t\t\t\t\t\t\t\t\t\t<\/span>\r\n\t\t\t\t\t\t\t\t\t\t\t\t\t\t\t\t\t<\/h2>\r\n\t\t\t\t\t\t\t\r\n\t\t\t\t\t\t\t\t\t\t\t\t\t\t\t<p class=\"text-start\"><p>Vols aprendre a gestionar millor les teves emocions, les teves relacions i els teus objectius? Si la resposta \u00e9s s\u00ed, ets al lloc adequat.<\/p>\n<p>Si vols saber m\u00e9s sobre mi i sobre com et puc acompanyar en el teu proc\u00e9s de creixement, t'invito que omplis el formulari de contacte que trobar\u00e0s a continuaci\u00f3.<\/p><\/p>\r\n\t\t\t\t\t\t\t\r\n\t\t\t\t\t\t\t\t\t\t\t\t\t<\/div>\r\n\t\t\t\t\t<\/div>\r\n\t\t\t\t\r\n                <div class=\"col-lg-6\">\r\n                    <div class=\"comment-respond style-two mt-48 mt-lg-0\">\r\n                        \n<div class=\"wpcf7 no-js\" id=\"wpcf7-f3547-o1\" lang=\"ca\" dir=\"ltr\">\n<div class=\"screen-reader-response\"><p role=\"status\" aria-live=\"polite\" aria-atomic=\"true\"><\/p> <ul><\/ul><\/div>\n<form action=\"\/ca\/wp-json\/wp\/v2\/pages\/3877#wpcf7-f3547-o1\" method=\"post\" class=\"wpcf7-form init\" aria-label=\"Formulari de contacte\" novalidate=\"novalidate\" data-status=\"init\">\n<div style=\"display: none;\">\n<input type=\"hidden\" name=\"_wpcf7\" value=\"3547\" \/>\n<input type=\"hidden\" name=\"_wpcf7_version\" value=\"5.9.7\" \/>\n<input type=\"hidden\" name=\"_wpcf7_locale\" value=\"ca\" \/>\n<input type=\"hidden\" name=\"_wpcf7_unit_tag\" value=\"wpcf7-f3547-o1\" \/>\n<input type=\"hidden\" name=\"_wpcf7_container_post\" value=\"0\" \/>\n<input type=\"hidden\" name=\"_wpcf7_posted_data_hash\" value=\"\" \/>\n<input type=\"hidden\" name=\"_wpcf7_recaptcha_response\" value=\"\" \/>\n<\/div>\n<p><label> <span class=\"wpcf7-form-control-wrap\" data-name=\"your-name\"><input size=\"40\" maxlength=\"400\" class=\"wpcf7-form-control wpcf7-text wpcf7-validates-as-required\" autocomplete=\"name\" aria-required=\"true\" aria-invalid=\"false\" placeholder=\"El teu nom\" value=\"\" type=\"text\" name=\"your-name\" \/><\/span> <\/label><br \/>\n<label> <span class=\"wpcf7-form-control-wrap\" data-name=\"your-email\"><input size=\"40\" maxlength=\"400\" class=\"wpcf7-form-control wpcf7-email wpcf7-validates-as-required wpcf7-text wpcf7-validates-as-email\" autocomplete=\"email\" aria-required=\"true\" aria-invalid=\"false\" placeholder=\"El teu correu electr\u00f2nic\" value=\"\" type=\"email\" name=\"your-email\" \/><\/span> <\/label><br \/>\n<label> <span class=\"wpcf7-form-control-wrap\" data-name=\"your-phone\"><input size=\"40\" maxlength=\"400\" class=\"wpcf7-form-control wpcf7-tel wpcf7-validates-as-required wpcf7-text wpcf7-validates-as-tel\" aria-required=\"true\" aria-invalid=\"false\" placeholder=\"Tel\u00e8fon\" value=\"\" type=\"tel\" name=\"your-phone\" \/><\/span> <\/label><br \/>\n<label> <span class=\"wpcf7-form-control-wrap\" data-name=\"your-message\"><textarea cols=\"40\" rows=\"10\" maxlength=\"2000\" class=\"wpcf7-form-control wpcf7-textarea\" aria-invalid=\"false\" placeholder=\"El teu missatge (opcional)\" name=\"your-message\"><\/textarea><\/span> <\/label>\n<\/p>\n<p><span class=\"wpcf7-form-control-wrap\" data-name=\"acceptance-969\"><span class=\"wpcf7-form-control wpcf7-acceptance\"><span class=\"wpcf7-list-item\"><label><input type=\"checkbox\" name=\"acceptance-969\" value=\"1\" aria-invalid=\"false\" \/><span class=\"wpcf7-list-item-label\">Accepto <a href=\"\/ca\/declaracio-de-privadesa\/\" target=\"_blank\">pol\u00edtica de privadesa<\/a> i <a href=\"\/ca\/declaracio-de-privadesa\/\" target=\"_blank\">protecci\u00f3 de dades<\/a><\/span><\/label><\/span><\/span><\/span><br \/>\n<input class=\"wpcf7-form-control wpcf7-submit has-spinner\" type=\"submit\" value=\"Enviar\" \/>\n<\/p><div class=\"wpcf7-response-output\" aria-hidden=\"true\"><\/div>\n<\/form>\n<\/div>\n                    <\/div>\r\n                <\/div>\r\n            <\/div>\r\n        <\/div>\r\n    <\/div>\r\n\r\n\t\t\t<\/div>\n\t\t\t\t<\/div>\n\t\t\t\t\t<\/div>\n\t\t<\/div>\n\t\t\t\t\t<\/div>\n\t\t<\/section>\n\t\t\t\t\t<\/div>\n\t\t<\/div>\n\t\t\t\t\t<\/div>\n\t\t<\/section>\n\t\t\t\t<section class=\"elementor-section elementor-top-section elementor-element elementor-element-74d77db elementor-section-full_width elementor-section-stretched elementor-section-height-default elementor-section-height-default\" data-id=\"74d77db\" data-element_type=\"section\" data-settings=\"{&quot;background_background&quot;:&quot;classic&quot;,&quot;stretch_section&quot;:&quot;section-stretched&quot;}\">\n\t\t\t\t\t\t<div class=\"elementor-container elementor-column-gap-default\">\n\t\t\t\t\t<div class=\"elementor-column elementor-col-100 elementor-top-column elementor-element elementor-element-a7856e1\" data-id=\"a7856e1\" data-element_type=\"column\">\n\t\t\t<div class=\"elementor-widget-wrap elementor-element-populated\">\n\t\t\t\t\t\t<div class=\"elementor-element elementor-element-de17510 elementor-widget elementor-widget-google_maps\" data-id=\"de17510\" data-element_type=\"widget\" data-widget_type=\"google_maps.default\">\n\t\t\t\t<div class=\"elementor-widget-container\">\n\t\t\t<style>\/*! elementor - v3.23.0 - 15-07-2024 *\/\n.elementor-widget-google_maps .elementor-widget-container{overflow:hidden}.elementor-widget-google_maps .elementor-custom-embed{line-height:0}.elementor-widget-google_maps iframe{height:300px}<\/style>\t\t<div class=\"elementor-custom-embed\">\n\t\t\t<iframe loading=\"lazy\"\n\t\t\t\t\tsrc=\"https:\/\/maps.google.com\/maps?q=Merc%C3%A8%20Pomar%20Espai%2C%20Carrer%20d%27%C3%81ngel%20Ruiz%20i%20Pablo%2C%2012%2C%2007760%20Ciutadella%20de%20Menorca%2C%20Illes%20Balears&#038;t=m&#038;z=16&#038;output=embed&#038;iwloc=near\"\n\t\t\t\t\ttitle=\"Merc\u00e8 Pomar Espai, Carrer d&#039;\u00c1ngel Ruiz i Pablo, 12, 07760 Ciutadella de Menorca, Illes Balears\"\n\t\t\t\t\taria-label=\"Merc\u00e8 Pomar Espai, Carrer d&#039;\u00c1ngel Ruiz i Pablo, 12, 07760 Ciutadella de Menorca, Illes Balears\"\n\t\t\t><\/iframe>\n\t\t<\/div>\n\t\t\t\t<\/div>\n\t\t\t\t<\/div>\n\t\t\t\t\t<\/div>\n\t\t<\/div>\n\t\t\t\t\t<\/div>\n\t\t<\/section>\n\t\t\t\t<\/div>\n\t\t","protected":false},"excerpt":{"rendered":"<p>&#8220;No podem dirigir el vent, per\u00f2 podem orientar les espelmes&#8221; Centre de Mediaci\u00f3 Privat a Balears. Al nostre espai treballem amb MENT, EMOCI\u00d3 i COS. Contacte Qu\u00e8 ofereixo Merc\u00e8 Pomar Espai Perspectiva social i psicol\u00f2gica Merc\u00e8 Pomar Espai \u00e9s un projecte que s&#8217;inicia l&#8217;any 2023 apostant per un enfocament i praxi professional per crear el [&hellip;]<\/p>\n","protected":false},"author":1,"featured_media":0,"parent":0,"menu_order":0,"comment_status":"closed","ping_status":"closed","template":"elementor_header_footer","meta":{"inline_featured_image":false,"footnotes":""},"class_list":["post-3877","page","type-page","status-publish","hentry"],"_links":{"self":[{"href":"https:\/\/www.mercepomar.com\/ca\/wp-json\/wp\/v2\/pages\/3877"}],"collection":[{"href":"https:\/\/www.mercepomar.com\/ca\/wp-json\/wp\/v2\/pages"}],"about":[{"href":"https:\/\/www.mercepomar.com\/ca\/wp-json\/wp\/v2\/types\/page"}],"author":[{"embeddable":true,"href":"https:\/\/www.mercepomar.com\/ca\/wp-json\/wp\/v2\/users\/1"}],"replies":[{"embeddable":true,"href":"https:\/\/www.mercepomar.com\/ca\/wp-json\/wp\/v2\/comments?post=3877"}],"version-history":[{"count":3,"href":"https:\/\/www.mercepomar.com\/ca\/wp-json\/wp\/v2\/pages\/3877\/revisions"}],"predecessor-version":[{"id":6200,"href":"https:\/\/www.mercepomar.com\/ca\/wp-json\/wp\/v2\/pages\/3877\/revisions\/6200"}],"wp:attachment":[{"href":"https:\/\/www.mercepomar.com\/ca\/wp-json\/wp\/v2\/media?parent=3877"}],"curies":[{"name":"wp","href":"https:\/\/api.w.org\/{rel}","templated":true}]}}