{"id":3495,"date":"2023-08-09T10:43:21","date_gmt":"2023-08-09T10:43:21","guid":{"rendered":"https:\/\/www.mercepomar.com\/merce-pomar\/"},"modified":"2024-04-05T11:51:36","modified_gmt":"2024-04-05T11:51:36","slug":"merce-pomar","status":"publish","type":"page","link":"https:\/\/www.mercepomar.com\/ca\/merce-pomar\/","title":{"rendered":"Merc\u00e8 Pomar"},"content":{"rendered":"\t\t<div data-elementor-type=\"wp-page\" data-elementor-id=\"3495\" class=\"elementor elementor-3495 elementor-1022\" data-elementor-post-type=\"page\">\n\t\t\t\t\t\t<section class=\"elementor-section elementor-top-section elementor-element elementor-element-8539d38 elementor-section-full_width elementor-section-height-default elementor-section-height-default\" data-id=\"8539d38\" data-element_type=\"section\">\n\t\t\t\t\t\t<div class=\"elementor-container elementor-column-gap-no\">\n\t\t\t\t\t<div class=\"elementor-column elementor-col-100 elementor-top-column elementor-element elementor-element-3df5da0\" data-id=\"3df5da0\" data-element_type=\"column\">\n\t\t\t<div class=\"elementor-widget-wrap elementor-element-populated\">\n\t\t\t\t\t\t<section class=\"elementor-section elementor-inner-section elementor-element elementor-element-414191f elementor-section-boxed elementor-section-height-default elementor-section-height-default\" data-id=\"414191f\" data-element_type=\"section\">\n\t\t\t\t\t\t<div class=\"elementor-container elementor-column-gap-wider\">\n\t\t\t\t\t<div class=\"elementor-column elementor-col-50 elementor-inner-column elementor-element elementor-element-677345e\" data-id=\"677345e\" data-element_type=\"column\">\n\t\t\t<div class=\"elementor-widget-wrap elementor-element-populated\">\n\t\t\t\t\t\t<div class=\"elementor-element elementor-element-a886802 elementor-widget elementor-widget-image\" data-id=\"a886802\" data-element_type=\"widget\" data-widget_type=\"image.default\">\n\t\t\t\t<div class=\"elementor-widget-container\">\n\t\t\t<style>\/*! elementor - v3.23.0 - 15-07-2024 *\/\n.elementor-widget-image{text-align:center}.elementor-widget-image a{display:inline-block}.elementor-widget-image a img[src$=\".svg\"]{width:48px}.elementor-widget-image img{vertical-align:middle;display:inline-block}<\/style>\t\t\t\t\t\t\t\t\t\t<img fetchpriority=\"high\" decoding=\"async\" width=\"640\" height=\"961\" src=\"https:\/\/www.mercepomar.com\/wp-content\/uploads\/2024\/02\/Merce-Pomar-quienes-somos-682x1024.jpg\" class=\"attachment-large size-large wp-image-5087\" alt=\"Fotografia de Merce Pomar qui\u00e9nes somos\" srcset=\"https:\/\/www.mercepomar.com\/wp-content\/uploads\/2024\/02\/Merce-Pomar-quienes-somos-682x1024.jpg 682w, https:\/\/www.mercepomar.com\/wp-content\/uploads\/2024\/02\/Merce-Pomar-quienes-somos-200x300.jpg 200w, https:\/\/www.mercepomar.com\/wp-content\/uploads\/2024\/02\/Merce-Pomar-quienes-somos-768x1153.jpg 768w, https:\/\/www.mercepomar.com\/wp-content\/uploads\/2024\/02\/Merce-Pomar-quienes-somos-1023x1536.jpg 1023w, https:\/\/www.mercepomar.com\/wp-content\/uploads\/2024\/02\/Merce-Pomar-quienes-somos.jpg 1066w\" sizes=\"(max-width: 640px) 100vw, 640px\" \/>\t\t\t\t\t\t\t\t\t\t\t\t\t<\/div>\n\t\t\t\t<\/div>\n\t\t\t\t\t<\/div>\n\t\t<\/div>\n\t\t\t\t<div class=\"elementor-column elementor-col-50 elementor-inner-column elementor-element elementor-element-0d245c6\" data-id=\"0d245c6\" data-element_type=\"column\">\n\t\t\t<div class=\"elementor-widget-wrap elementor-element-populated\">\n\t\t\t\t\t\t<div class=\"elementor-element elementor-element-fdd32bc elementor-widget elementor-widget-heading\" data-id=\"fdd32bc\" data-element_type=\"widget\" data-widget_type=\"heading.default\">\n\t\t\t\t<div class=\"elementor-widget-container\">\n\t\t\t<style>\/*! elementor - v3.23.0 - 15-07-2024 *\/\n.elementor-heading-title{padding:0;margin:0;line-height:1}.elementor-widget-heading .elementor-heading-title[class*=elementor-size-]>a{color:inherit;font-size:inherit;line-height:inherit}.elementor-widget-heading .elementor-heading-title.elementor-size-small{font-size:15px}.elementor-widget-heading .elementor-heading-title.elementor-size-medium{font-size:19px}.elementor-widget-heading .elementor-heading-title.elementor-size-large{font-size:29px}.elementor-widget-heading .elementor-heading-title.elementor-size-xl{font-size:39px}.elementor-widget-heading .elementor-heading-title.elementor-size-xxl{font-size:59px}<\/style><h3 class=\"elementor-heading-title elementor-size-default\">Mediadora, Advocada, Formadora i Coach certificada<\/h3>\t\t<\/div>\n\t\t\t\t<\/div>\n\t\t\t\t<div class=\"elementor-element elementor-element-cb6b390 elementor-widget elementor-widget-heading\" data-id=\"cb6b390\" data-element_type=\"widget\" data-widget_type=\"heading.default\">\n\t\t\t\t<div class=\"elementor-widget-container\">\n\t\t\t<h2 class=\"elementor-heading-title elementor-size-default\">Merc\u00e8 Pomar Espai<\/h2>\t\t<\/div>\n\t\t\t\t<\/div>\n\t\t\t\t<div class=\"elementor-element elementor-element-7ec324a elementor-widget__width-initial elementor-widget elementor-widget-text-editor\" data-id=\"7ec324a\" data-element_type=\"widget\" data-widget_type=\"text-editor.default\">\n\t\t\t\t<div class=\"elementor-widget-container\">\n\t\t\t<style>\/*! elementor - v3.23.0 - 15-07-2024 *\/\n.elementor-widget-text-editor.elementor-drop-cap-view-stacked .elementor-drop-cap{background-color:#69727d;color:#fff}.elementor-widget-text-editor.elementor-drop-cap-view-framed .elementor-drop-cap{color:#69727d;border:3px solid;background-color:transparent}.elementor-widget-text-editor:not(.elementor-drop-cap-view-default) .elementor-drop-cap{margin-top:8px}.elementor-widget-text-editor:not(.elementor-drop-cap-view-default) .elementor-drop-cap-letter{width:1em;height:1em}.elementor-widget-text-editor .elementor-drop-cap{float:left;text-align:center;line-height:1;font-size:50px}.elementor-widget-text-editor .elementor-drop-cap-letter{display:inline-block}<\/style>\t\t\t\t<p><em><strong>\u201cConegueu totes les teories. Domini totes les t\u00e8cniques, per\u00f2 en tocar una \u00e0nima humana sigui a penes una altra \u00e0nima humana\u201d \u2013 Carl Gustav Jung<\/strong><\/em><\/p>\n\t\t\t\t\t\t<\/div>\n\t\t\t\t<\/div>\n\t\t\t\t<div class=\"elementor-element elementor-element-c29a520 elementor-hidden-desktop elementor-hidden-tablet elementor-hidden-mobile elementor-widget elementor-widget-heading\" data-id=\"c29a520\" data-element_type=\"widget\" data-widget_type=\"heading.default\">\n\t\t\t\t<div class=\"elementor-widget-container\">\n\t\t\t<h3 class=\"elementor-heading-title elementor-size-default\">Perspectiva social i psicol\u00f2gica<\/h3>\t\t<\/div>\n\t\t\t\t<\/div>\n\t\t\t\t<div class=\"elementor-element elementor-element-7b5bd0e elementor-widget elementor-widget-text-editor\" data-id=\"7b5bd0e\" data-element_type=\"widget\" data-widget_type=\"text-editor.default\">\n\t\t\t\t<div class=\"elementor-widget-container\">\n\t\t\t\t\t\t\t<p>Aquesta frase m&#8217;inspira en les meves sessions on ofereixo malgrat tots els coneixements, habilitats i experi\u00e8ncies adquirides, humanitat, humilitat i una forta sensibilitat a cada mediaci\u00f3, relaci\u00f3 i formaci\u00f3.<\/p>\n<p>Algunes de les caracter\u00edstiques confessables que em defineixen \u00e9s perqu\u00e8 \u00e9s una persona altament motivada, vital i compromesa per la meva voluntat de creixement personal. Per\u00f2 la m\u00e9s destacada, en la meva feina i professionalitat, es caracteritza per la meva honestedat.<\/p>\n<p>La meva vida \u00e9s com \u201cuna pel\u00b7l\u00edcula en qu\u00e8 un cop inici\u00ef una intensa formaci\u00f3 te\u00f2rica i un ampli recorregut internacional, sempre de vocaci\u00f3 humanista\u201d.<\/p>\n<p>El pas del temps s&#8217;encarrega de fer-me la pr\u00e0ctica, on de vegades no sona la m\u00fasica. Per aix\u00f2, el meu suggeriment d&#8217;avui cap als meus clients \u00e9s que tri\u00efn la seva m\u00fasica, i en viu!<\/p>\n\t\t\t\t\t\t<\/div>\n\t\t\t\t<\/div>\n\t\t\t\t\t<\/div>\n\t\t<\/div>\n\t\t\t\t\t<\/div>\n\t\t<\/section>\n\t\t\t\t<section class=\"elementor-section elementor-inner-section elementor-element elementor-element-2022cea elementor-section-boxed elementor-section-height-default elementor-section-height-default\" data-id=\"2022cea\" data-element_type=\"section\">\n\t\t\t\t\t\t<div class=\"elementor-container elementor-column-gap-wider\">\n\t\t\t\t\t<div class=\"elementor-column elementor-col-50 elementor-inner-column elementor-element elementor-element-9d3bfe2\" data-id=\"9d3bfe2\" data-element_type=\"column\">\n\t\t\t<div class=\"elementor-widget-wrap elementor-element-populated\">\n\t\t\t\t\t\t<div class=\"elementor-element elementor-element-7429546 elementor-widget elementor-widget-text-editor\" data-id=\"7429546\" data-element_type=\"widget\" data-widget_type=\"text-editor.default\">\n\t\t\t\t<div class=\"elementor-widget-container\">\n\t\t\t\t\t\t\t<p>Amb aquesta visi\u00f3, visc lliurada professionalment a acompanyar processos de creixement i transformaci\u00f3, tant individuals com d&#8217;equip, preocupada per entendre la naturalesa de l&#8217;especificitat humana, ajudant a potenciar i desenvolupar els recursos necessaris per poder generar canvis en profunditat davant del conflicte i en l&#8217;univers de l&#8217;inconscient fer conscient all\u00f2 que s&#8217;amaga dins nostre.<\/p>\n<p>Viure la vida en una llibertat que no t\u00e9 veritat, direcci\u00f3 o mapa, no t\u00e9 sentit; i no s&#8217;experimenta com a tal. En aquesta situaci\u00f3 calen fars que ens gui\u00efn pel bon cam\u00ed cap a la meta que ens hem proposat.<\/p>\n<p style=\"padding-left: 40px;\">\u201c<strong>Un bon far no treu a ning\u00fa la seva llibertat.<\/strong>\u201d<\/p>\n<p>Per assolir la nostra meta, sempre hem de rec\u00f3rrer un cam\u00ed. Per\u00f2, aquest cam\u00ed que necessitem transitar, no hem de rec\u00f3rrer-lo tot sol, ni a cegues.<\/p>\n\t\t\t\t\t\t<\/div>\n\t\t\t\t<\/div>\n\t\t\t\t\t<\/div>\n\t\t<\/div>\n\t\t\t\t<div class=\"elementor-column elementor-col-50 elementor-inner-column elementor-element elementor-element-2a4b549 elementor-hidden-tablet elementor-hidden-mobile\" data-id=\"2a4b549\" data-element_type=\"column\">\n\t\t\t<div class=\"elementor-widget-wrap elementor-element-populated\">\n\t\t\t\t\t\t<div class=\"elementor-element elementor-element-a606255 elementor-widget elementor-widget-image\" data-id=\"a606255\" data-element_type=\"widget\" data-widget_type=\"image.default\">\n\t\t\t\t<div class=\"elementor-widget-container\">\n\t\t\t\t\t\t\t\t\t\t\t\t\t<img decoding=\"async\" width=\"640\" height=\"961\" src=\"https:\/\/www.mercepomar.com\/wp-content\/uploads\/2024\/04\/thumbnail__CRI7999-copia-1-682x1024.jpg\" class=\"attachment-large size-large wp-image-6172\" alt=\"thumbnail__CRI7999 copia (1) - Merc\u00e8 Pomar Espai\" srcset=\"https:\/\/www.mercepomar.com\/wp-content\/uploads\/2024\/04\/thumbnail__CRI7999-copia-1-682x1024.jpg 682w, https:\/\/www.mercepomar.com\/wp-content\/uploads\/2024\/04\/thumbnail__CRI7999-copia-1-200x300.jpg 200w, https:\/\/www.mercepomar.com\/wp-content\/uploads\/2024\/04\/thumbnail__CRI7999-copia-1-768x1153.jpg 768w, https:\/\/www.mercepomar.com\/wp-content\/uploads\/2024\/04\/thumbnail__CRI7999-copia-1-1024x1536.jpg 1024w, https:\/\/www.mercepomar.com\/wp-content\/uploads\/2024\/04\/thumbnail__CRI7999-copia-1-1365x2048.jpg 1365w, https:\/\/www.mercepomar.com\/wp-content\/uploads\/2024\/04\/thumbnail__CRI7999-copia-1.jpg 1404w\" sizes=\"(max-width: 640px) 100vw, 640px\" \/>\t\t\t\t\t\t\t\t\t\t\t\t\t<\/div>\n\t\t\t\t<\/div>\n\t\t\t\t\t<\/div>\n\t\t<\/div>\n\t\t\t\t\t<\/div>\n\t\t<\/section>\n\t\t\t\t\t<\/div>\n\t\t<\/div>\n\t\t\t\t\t<\/div>\n\t\t<\/section>\n\t\t\t\t<section class=\"elementor-section elementor-top-section elementor-element elementor-element-0845791 elementor-hidden-desktop elementor-hidden-tablet elementor-hidden-mobile elementor-section-boxed elementor-section-height-default elementor-section-height-default\" data-id=\"0845791\" data-element_type=\"section\" data-settings=\"{&quot;background_background&quot;:&quot;classic&quot;}\">\n\t\t\t\t\t\t<div class=\"elementor-container elementor-column-gap-default\">\n\t\t\t\t\t<div class=\"elementor-column elementor-col-100 elementor-top-column elementor-element elementor-element-b15bd87\" data-id=\"b15bd87\" data-element_type=\"column\">\n\t\t\t<div class=\"elementor-widget-wrap elementor-element-populated\">\n\t\t\t\t\t\t<div class=\"elementor-element elementor-element-1b314d4 elementor-widget__width-initial elementor-widget elementor-widget-text-editor\" data-id=\"1b314d4\" data-element_type=\"widget\" data-widget_type=\"text-editor.default\">\n\t\t\t\t<div class=\"elementor-widget-container\">\n\t\t\t\t\t\t\t<p data-pm-slice=\"1 1 []\">\u201c<em><strong>Conegueu totes les teories. Domini totes les t\u00e8cniques, per\u00f2 en tocar una \u00e0nima humana sigui a penes una altra \u00e0nima humana\u201d<br \/><\/strong>\u2013 Carl Gustav Jung<\/em><\/p>\n\t\t\t\t\t\t<\/div>\n\t\t\t\t<\/div>\n\t\t\t\t\t<\/div>\n\t\t<\/div>\n\t\t\t\t\t<\/div>\n\t\t<\/section>\n\t\t\t\t<section class=\"elementor-section elementor-top-section elementor-element elementor-element-7857607 elementor-section-full_width elementor-section-height-default elementor-section-height-default\" data-id=\"7857607\" data-element_type=\"section\">\n\t\t\t\t\t\t<div class=\"elementor-container elementor-column-gap-no\">\n\t\t\t\t\t<div class=\"elementor-column elementor-col-100 elementor-top-column elementor-element elementor-element-fa4938a\" data-id=\"fa4938a\" data-element_type=\"column\">\n\t\t\t<div class=\"elementor-widget-wrap elementor-element-populated\">\n\t\t\t\t\t\t<section class=\"elementor-section elementor-inner-section elementor-element elementor-element-34eb5d6 elementor-section-boxed elementor-section-height-default elementor-section-height-default\" data-id=\"34eb5d6\" data-element_type=\"section\">\n\t\t\t\t\t\t<div class=\"elementor-container elementor-column-gap-wider\">\n\t\t\t\t\t<div class=\"elementor-column elementor-col-100 elementor-inner-column elementor-element elementor-element-3a571b8\" data-id=\"3a571b8\" data-element_type=\"column\">\n\t\t\t<div class=\"elementor-widget-wrap elementor-element-populated\">\n\t\t\t\t\t\t<div class=\"elementor-element elementor-element-5e09044 elementor-widget elementor-widget-heading\" data-id=\"5e09044\" data-element_type=\"widget\" data-widget_type=\"heading.default\">\n\t\t\t\t<div class=\"elementor-widget-container\">\n\t\t\t<h2 class=\"elementor-heading-title elementor-size-default\">Formaci\u00f3<\/h2>\t\t<\/div>\n\t\t\t\t<\/div>\n\t\t\t\t\t<\/div>\n\t\t<\/div>\n\t\t\t\t\t<\/div>\n\t\t<\/section>\n\t\t\t\t<div class=\"elementor-element elementor-element-23cfb70 elementor-widget elementor-widget-shortcode\" data-id=\"23cfb70\" data-element_type=\"widget\" data-widget_type=\"shortcode.default\">\n\t\t\t\t<div class=\"elementor-widget-container\">\n\t\t\t\t\t<div class=\"elementor-shortcode\"><ul class=\"rw-trayectoria\">\r\n            <li class=\"rw-hito rw-hito-especialitat-en-terapia-sistemica-breu\">\r\n                <aside>\r\n                    <strong class=\"rw-trayectoria-year\">Especialitat en ter\u00e0pia Sist\u00e8mica breu<\/strong> \r\n                    <!--<ul class=\"rw-trayectoria-employees\"><li><span class=\"rw-trayectoria-employee\"><\/span><\/li><\/ul> -->\r\n                    <span class=\"rw-trayectoria-content\"><\/span>\r\n                <\/aside>\r\n            <\/li>\r\n            <li class=\"rw-hito rw-hito-universitat-de-barcelona\">\r\n                <aside>\r\n                    <strong class=\"rw-trayectoria-year\">Universitat de Barcelona<\/strong> \r\n                    <!--<ul class=\"rw-trayectoria-employees\"><li><span class=\"rw-trayectoria-employee\"><\/span><\/li><\/ul> -->\r\n                    <span class=\"rw-trayectoria-content\">Llicenciatura en dret<\/span>\r\n                <\/aside>\r\n            <\/li>\r\n            <li class=\"rw-hito rw-hito-universitat-de-barcelona\">\r\n                <aside>\r\n                    <strong class=\"rw-trayectoria-year\">Universitat de Barcelona<\/strong> \r\n                    <!--<ul class=\"rw-trayectoria-employees\"><li><span class=\"rw-trayectoria-employee\"><\/span><\/li><\/ul> -->\r\n                    <span class=\"rw-trayectoria-content\"><p data-pm-slice=\"1 1 []\">Especialitat en Ter\u00e0pia Sist\u00e8mica Breu<\/p><\/span>\r\n                <\/aside>\r\n            <\/li>\r\n            <li class=\"rw-hito rw-hito-escola-diplomatica-cei\">\r\n                <aside>\r\n                    <strong class=\"rw-trayectoria-year\">Escola Diplom\u00e0tica (CEI)<\/strong> \r\n                    <!--<ul class=\"rw-trayectoria-employees\"><li><span class=\"rw-trayectoria-employee\"><\/span><\/li><\/ul> -->\r\n                    <span class=\"rw-trayectoria-content\"><p data-pm-slice=\"1 1 []\">M\u00e0ster en Diplom\u00e0cia i Funci\u00f3 P\u00fablica Internacional<\/p><\/span>\r\n                <\/aside>\r\n            <\/li>\r\n            <li class=\"rw-hito rw-hito-freie-universitat-berlin\">\r\n                <aside>\r\n                    <strong class=\"rw-trayectoria-year\">Freie Universit\u00e4t Berlin<\/strong> \r\n                    <!--<ul class=\"rw-trayectoria-employees\"><li><span class=\"rw-trayectoria-employee\"><\/span><\/li><\/ul> -->\r\n                    <span class=\"rw-trayectoria-content\"><\/span>\r\n                <\/aside>\r\n            <\/li>\r\n            <li class=\"rw-hito rw-hito-mediacio-civil-i-mercantil\">\r\n                <aside>\r\n                    <strong class=\"rw-trayectoria-year\">Mediaci\u00f3 Civil i Mercantil<\/strong> \r\n                    <!--<ul class=\"rw-trayectoria-employees\"><li><span class=\"rw-trayectoria-employee\"><\/span><\/li><\/ul> -->\r\n                    <span class=\"rw-trayectoria-content\">M\u00e0ster, Dret de la Mediaci\u00f3<\/span>\r\n                <\/aside>\r\n            <\/li>\r\n            <li class=\"rw-hito rw-hito-ub-universitat-de-barcelona\">\r\n                <aside>\r\n                    <strong class=\"rw-trayectoria-year\">UB Universitat de Barcelona<\/strong> \r\n                    <!--<ul class=\"rw-trayectoria-employees\"><li><span class=\"rw-trayectoria-employee\"><\/span><\/li><\/ul> -->\r\n                    <span class=\"rw-trayectoria-content\">Llicenciada en Dret<\/span>\r\n                <\/aside>\r\n            <\/li>\r\n            <li class=\"rw-hito rw-hito-universitat-de-derby\">\r\n                <aside>\r\n                    <strong class=\"rw-trayectoria-year\">Universitat de Derby<\/strong> \r\n                    <!--<ul class=\"rw-trayectoria-employees\"><li><span class=\"rw-trayectoria-employee\"><\/span><\/li><\/ul> -->\r\n                    <span class=\"rw-trayectoria-content\">M\u00e0ster en Dret (LL.M.), Dret Mercantil i Business Internacional<\/span>\r\n                <\/aside>\r\n            <\/li><\/ul><\/div>\n\t\t\t\t<\/div>\n\t\t\t\t<\/div>\n\t\t\t\t\t<\/div>\n\t\t<\/div>\n\t\t\t\t\t<\/div>\n\t\t<\/section>\n\t\t\t\t<section class=\"elementor-section elementor-top-section elementor-element elementor-element-1635468 elementor-section-full_width elementor-section-height-default elementor-section-height-default\" data-id=\"1635468\" data-element_type=\"section\" data-settings=\"{&quot;background_background&quot;:&quot;classic&quot;}\">\n\t\t\t\t\t\t<div class=\"elementor-container elementor-column-gap-no\">\n\t\t\t\t\t<div class=\"elementor-column elementor-col-100 elementor-top-column elementor-element elementor-element-4245f19\" data-id=\"4245f19\" data-element_type=\"column\">\n\t\t\t<div class=\"elementor-widget-wrap elementor-element-populated\">\n\t\t\t\t\t\t<div class=\"elementor-element elementor-element-38ba2a9 elementor-widget elementor-widget-heading\" data-id=\"38ba2a9\" data-element_type=\"widget\" data-widget_type=\"heading.default\">\n\t\t\t\t<div class=\"elementor-widget-container\">\n\t\t\t<h2 class=\"elementor-heading-title elementor-size-default\">Serveis<\/h2>\t\t<\/div>\n\t\t\t\t<\/div>\n\t\t\t\t<div class=\"elementor-element elementor-element-a0892ad elementor-align-center servicios-merce-pomar elementor-widget elementor-widget-boomdevs-service-post\" data-id=\"a0892ad\" data-element_type=\"widget\" data-widget_type=\"boomdevs-service-post.default\">\n\t\t\t\t<div class=\"elementor-widget-container\">\n\t\t\t  <div class=\"service-area style-2\">\r\n  \t\t\r\n    <div class=\"container\">\r\n\t\t\t\t\t\r\n\r\n      <div class=\"row\">\r\n\t\t\r\n\t\t\t\t\t<div class=\"col-12 col-md-6 col-lg-4\">\r\n\t\t\t\t\t\t<div class=\"icon-card style-six\">\r\n\t\t\t\t\t\t<a href=\"https:\/\/www.mercepomar.com\/ca\/services\/mediacio-i-conciliacio\/\" class=\"icon\">\r\n\t\t\t\t\t\t\t<span class=\"icon-color\"><\/span>\r\n\t\t\t\t\t\t\t<i class=\"icon-commitment\"><\/i>\r\n\t\t\t\t\t\t<\/a>\r\n\t\t\t\t\t\t<div class=\"content\">\r\n\t\t\t\t\t\t\t<a href=\"https:\/\/www.mercepomar.com\/ca\/services\/mediacio-i-conciliacio\/\"><h5 class=\"title\">Mediaci\u00f3 i conciliaci\u00f3<\/h5><\/a>\r\n\t\t\t\t\t\t\t<p class=\"desc\">\r\n\t\t\t\t\t\t\t\tLa mediaci\u00f3 i la conciliaci\u00f3 s\u00f3n dos m\u00e8todes alternatius de resoluci\u00f3 de conflictes que volen facilitar el di\u00e0leg i l'acord entre les parts involucrades.\t\t\t\t\t\t\t<\/p>\r\n\t\t\t\t\t\t\t<p>\r\n\t\t\t\t\t\t\t<a style=\"margin-top: 30px;font-size: 0.9em;text-transform: none;\" class=\"theme-btn style-three\" href=\"https:\/\/www.mercepomar.com\/ca\/services\/mediacio-i-conciliacio\/\">Ver m\u00e1s<\/a>\r\n\t\t\t\t\t\t\t<\/p>\r\n\t\t\t\t\t\t<\/div>\r\n\t\t\t\t\t\t<\/div>\r\n\t\t\t\t\t<\/div>\r\n\t\t\t\t\r\n\t\t\t\t\t<div class=\"col-12 col-md-6 col-lg-4\">\r\n\t\t\t\t\t\t<div class=\"icon-card style-six\">\r\n\t\t\t\t\t\t<a href=\"https:\/\/www.mercepomar.com\/ca\/services\/espai-juridic\/\" class=\"icon\">\r\n\t\t\t\t\t\t\t<span class=\"icon-color\"><\/span>\r\n\t\t\t\t\t\t\t<i class=\"fa-thin fa-scale-balanced\"><\/i>\r\n\t\t\t\t\t\t<\/a>\r\n\t\t\t\t\t\t<div class=\"content\">\r\n\t\t\t\t\t\t\t<a href=\"https:\/\/www.mercepomar.com\/ca\/services\/espai-juridic\/\"><h5 class=\"title\">Espai jur\u00eddic<\/h5><\/a>\r\n\t\t\t\t\t\t\t<p class=\"desc\">\r\n\t\t\t\t\t\t\t\tAcompanyem els nostres clients al llarg de totes les fases del cicle vital que es tracti amb l'enfocament multidisciplinari necessari.\t\t\t\t\t\t\t<\/p>\r\n\t\t\t\t\t\t\t<p>\r\n\t\t\t\t\t\t\t<a style=\"margin-top: 30px;font-size: 0.9em;text-transform: none;\" class=\"theme-btn style-three\" href=\"https:\/\/www.mercepomar.com\/ca\/services\/espai-juridic\/\">Ver m\u00e1s<\/a>\r\n\t\t\t\t\t\t\t<\/p>\r\n\t\t\t\t\t\t<\/div>\r\n\t\t\t\t\t\t<\/div>\r\n\t\t\t\t\t<\/div>\r\n\t\t\t\t\r\n\t\t\t\t\t<div class=\"col-12 col-md-6 col-lg-4\">\r\n\t\t\t\t\t\t<div class=\"icon-card style-six\">\r\n\t\t\t\t\t\t<a href=\"https:\/\/www.mercepomar.com\/ca\/services\/espai-de-coaching\/\" class=\"icon\">\r\n\t\t\t\t\t\t\t<span class=\"icon-color\"><\/span>\r\n\t\t\t\t\t\t\t<i class=\"icon-human-resources\"><\/i>\r\n\t\t\t\t\t\t<\/a>\r\n\t\t\t\t\t\t<div class=\"content\">\r\n\t\t\t\t\t\t\t<a href=\"https:\/\/www.mercepomar.com\/ca\/services\/espai-de-coaching\/\"><h5 class=\"title\">Espai de coaching<\/h5><\/a>\r\n\t\t\t\t\t\t\t<p class=\"desc\">\r\n\t\t\t\t\t\t\t\tDin\u00e0mica d'autoconsci\u00e8ncia, establiment de metes, elaboraci\u00f3 i posada en pr\u00e0ctica de plans d'acci\u00f3, actuant com un element facilitador que afavoreix una din\u00e0mica de transformaci\u00f3 personal i de canvi.\t\t\t\t\t\t\t<\/p>\r\n\t\t\t\t\t\t\t<p>\r\n\t\t\t\t\t\t\t<a style=\"margin-top: 30px;font-size: 0.9em;text-transform: none;\" class=\"theme-btn style-three\" href=\"https:\/\/www.mercepomar.com\/ca\/services\/espai-de-coaching\/\">Ver m\u00e1s<\/a>\r\n\t\t\t\t\t\t\t<\/p>\r\n\t\t\t\t\t\t<\/div>\r\n\t\t\t\t\t\t<\/div>\r\n\t\t\t\t\t<\/div>\r\n\t\t\t\t\r\n\t\t\t\t\t<div class=\"col-12 col-md-6 col-lg-4\">\r\n\t\t\t\t\t\t<div class=\"icon-card style-six\">\r\n\t\t\t\t\t\t<a href=\"https:\/\/www.mercepomar.com\/ca\/services\/espai-formacio\/\" class=\"icon\">\r\n\t\t\t\t\t\t\t<span class=\"icon-color\"><\/span>\r\n\t\t\t\t\t\t\t<i class=\"icon-process-development\"><\/i>\r\n\t\t\t\t\t\t<\/a>\r\n\t\t\t\t\t\t<div class=\"content\">\r\n\t\t\t\t\t\t\t<a href=\"https:\/\/www.mercepomar.com\/ca\/services\/espai-formacio\/\"><h5 class=\"title\">Espai formaci\u00f3<\/h5><\/a>\r\n\t\t\t\t\t\t\t<p class=\"desc\">\r\n\t\t\t\t\t\t\t\tDes del nostre espai dissenyem cada Formaci\u00f3 com un gran projecte amb un objectiu i una metodologia, encara que siguin els participants els que al final determinen com evoluciona i com es desenvolupa.\t\t\t\t\t\t\t<\/p>\r\n\t\t\t\t\t\t\t<p>\r\n\t\t\t\t\t\t\t<a style=\"margin-top: 30px;font-size: 0.9em;text-transform: none;\" class=\"theme-btn style-three\" href=\"https:\/\/www.mercepomar.com\/ca\/services\/espai-formacio\/\">Ver m\u00e1s<\/a>\r\n\t\t\t\t\t\t\t<\/p>\r\n\t\t\t\t\t\t<\/div>\r\n\t\t\t\t\t\t<\/div>\r\n\t\t\t\t\t<\/div>\r\n\t\t\t\t\r\n      <\/div>\r\n    <\/div>\r\n  <\/div>\r\n\r\n  \t\t\t\r\n\t\t\t<\/div>\n\t\t\t\t<\/div>\n\t\t\t\t\t<\/div>\n\t\t<\/div>\n\t\t\t\t\t<\/div>\n\t\t<\/section>\n\t\t\t\t<section class=\"elementor-section elementor-top-section elementor-element elementor-element-1703929 elementor-section-full_width elementor-section-stretched elementor-section-height-default elementor-section-height-default\" data-id=\"1703929\" data-element_type=\"section\" data-settings=\"{&quot;background_background&quot;:&quot;classic&quot;,&quot;stretch_section&quot;:&quot;section-stretched&quot;}\">\n\t\t\t\t\t\t<div class=\"elementor-container elementor-column-gap-default\">\n\t\t\t\t\t<div class=\"elementor-column elementor-col-100 elementor-top-column elementor-element elementor-element-d84011d\" data-id=\"d84011d\" data-element_type=\"column\">\n\t\t\t<div class=\"elementor-widget-wrap elementor-element-populated\">\n\t\t\t\t\t\t<section class=\"elementor-section elementor-inner-section elementor-element elementor-element-2c6e1dc elementor-section-full_width elementor-section-height-default elementor-section-height-default\" data-id=\"2c6e1dc\" data-element_type=\"section\">\n\t\t\t\t\t\t<div class=\"elementor-container elementor-column-gap-wider\">\n\t\t\t\t\t<div class=\"elementor-column elementor-col-100 elementor-inner-column elementor-element elementor-element-67b9cf2\" data-id=\"67b9cf2\" data-element_type=\"column\">\n\t\t\t<div class=\"elementor-widget-wrap elementor-element-populated\">\n\t\t\t\t\t\t<div class=\"elementor-element elementor-element-4522ca1 elementor-align-left elementor-widget elementor-widget-bdevs-contact\" data-id=\"4522ca1\" data-element_type=\"widget\" data-widget_type=\"bdevs-contact.default\">\n\t\t\t\t<div class=\"elementor-widget-container\">\n\t\t\t\r\n\t<div class=\"contact-form-area\">\r\n\t\t\t\t\t<div class=\"sketch\" style=\" background-image: url()\"><\/div>\r\n\t\t        \r\n        <div class=\"container\">\r\n            <div class=\"row\">\r\n\r\n\t\t\t\t\t\t\t\t\t<div class=\"col-lg-6\">\r\n\t\t\t\t\t\t<div class=\"section-title\">\t\r\n\t\t\t\t\t\t\t\t\t\t\t\t\t\t\t<h2 class=\"title text-start\">\r\n\t\t\t\t\t\t\t\t\t\t\t\t\t\t\t\t\t\t<span class=\"under-line\"> \r\n\t\t\t\t\t\t\t\t\t\t\u00bfTe gustar\u00eda mejorar  tu vida personal o profesional? \r\n\t\t\t\t\t\t\t\t\t\t\t\t\t\t\t\t\t\t\t\t\t<img decoding=\"async\" src=\"\" alt=\"under-line\" \/>\r\n\t\t\t\t\t\t\t\t\t\t\t\t\t\t\t\t\t\t\t<\/span>\r\n\t\t\t\t\t\t\t\t\t\t\t\t\t\t\t\t\t<\/h2>\r\n\t\t\t\t\t\t\t\r\n\t\t\t\t\t\t\t\t\t\t\t\t\t\t\t<p class=\"text-start\"><p>\u00bfQuieres aprender a gestionar mejor tus emociones, tus relaciones y tus objetivos? Si la respuesta es s\u00ed, est\u00e1s en el lugar adecuado.<\/p>\n<p>Si quieres saber m\u00e1s sobre m\u00ed y sobre c\u00f3mo puedo acompa\u00f1arte en tu proceso de crecimiento, te invito a que rellenes el formulario de contacto que encontrar\u00e1s a continuaci\u00f3n.<\/p><\/p>\r\n\t\t\t\t\t\t\t\r\n\t\t\t\t\t\t\t\t\t\t\t\t\t<\/div>\r\n\t\t\t\t\t<\/div>\r\n\t\t\t\t\r\n                <div class=\"col-lg-6\">\r\n                    <div class=\"comment-respond style-two mt-48 mt-lg-0\">\r\n                        \n<div class=\"wpcf7 no-js\" id=\"wpcf7-f3547-o1\" lang=\"ca\" dir=\"ltr\">\n<div class=\"screen-reader-response\"><p role=\"status\" aria-live=\"polite\" aria-atomic=\"true\"><\/p> <ul><\/ul><\/div>\n<form action=\"\/ca\/wp-json\/wp\/v2\/pages\/3495#wpcf7-f3547-o1\" method=\"post\" class=\"wpcf7-form init\" aria-label=\"Formulari de contacte\" novalidate=\"novalidate\" data-status=\"init\">\n<div style=\"display: none;\">\n<input type=\"hidden\" name=\"_wpcf7\" value=\"3547\" \/>\n<input type=\"hidden\" name=\"_wpcf7_version\" value=\"5.9.7\" \/>\n<input type=\"hidden\" name=\"_wpcf7_locale\" value=\"ca\" \/>\n<input type=\"hidden\" name=\"_wpcf7_unit_tag\" value=\"wpcf7-f3547-o1\" \/>\n<input type=\"hidden\" name=\"_wpcf7_container_post\" value=\"0\" \/>\n<input type=\"hidden\" name=\"_wpcf7_posted_data_hash\" value=\"\" \/>\n<input type=\"hidden\" name=\"_wpcf7_recaptcha_response\" value=\"\" \/>\n<\/div>\n<p><label> <span class=\"wpcf7-form-control-wrap\" data-name=\"your-name\"><input size=\"40\" maxlength=\"400\" class=\"wpcf7-form-control wpcf7-text wpcf7-validates-as-required\" autocomplete=\"name\" aria-required=\"true\" aria-invalid=\"false\" placeholder=\"El teu nom\" value=\"\" type=\"text\" name=\"your-name\" \/><\/span> <\/label><br \/>\n<label> <span class=\"wpcf7-form-control-wrap\" data-name=\"your-email\"><input size=\"40\" maxlength=\"400\" class=\"wpcf7-form-control wpcf7-email wpcf7-validates-as-required wpcf7-text wpcf7-validates-as-email\" autocomplete=\"email\" aria-required=\"true\" aria-invalid=\"false\" placeholder=\"El teu correu electr\u00f2nic\" value=\"\" type=\"email\" name=\"your-email\" \/><\/span> <\/label><br \/>\n<label> <span class=\"wpcf7-form-control-wrap\" data-name=\"your-phone\"><input size=\"40\" maxlength=\"400\" class=\"wpcf7-form-control wpcf7-tel wpcf7-validates-as-required wpcf7-text wpcf7-validates-as-tel\" aria-required=\"true\" aria-invalid=\"false\" placeholder=\"Tel\u00e8fon\" value=\"\" type=\"tel\" name=\"your-phone\" \/><\/span> <\/label><br \/>\n<label> <span class=\"wpcf7-form-control-wrap\" data-name=\"your-message\"><textarea cols=\"40\" rows=\"10\" maxlength=\"2000\" class=\"wpcf7-form-control wpcf7-textarea\" aria-invalid=\"false\" placeholder=\"El teu missatge (opcional)\" name=\"your-message\"><\/textarea><\/span> <\/label>\n<\/p>\n<p><span class=\"wpcf7-form-control-wrap\" data-name=\"acceptance-969\"><span class=\"wpcf7-form-control wpcf7-acceptance\"><span class=\"wpcf7-list-item\"><label><input type=\"checkbox\" name=\"acceptance-969\" value=\"1\" aria-invalid=\"false\" \/><span class=\"wpcf7-list-item-label\">Accepto <a href=\"\/ca\/declaracio-de-privadesa\/\" target=\"_blank\">pol\u00edtica de privadesa<\/a> i <a href=\"\/ca\/declaracio-de-privadesa\/\" target=\"_blank\">protecci\u00f3 de dades<\/a><\/span><\/label><\/span><\/span><\/span><br \/>\n<input class=\"wpcf7-form-control wpcf7-submit has-spinner\" type=\"submit\" value=\"Enviar\" \/>\n<\/p><div class=\"wpcf7-response-output\" aria-hidden=\"true\"><\/div>\n<\/form>\n<\/div>\n                    <\/div>\r\n                <\/div>\r\n            <\/div>\r\n        <\/div>\r\n    <\/div>\r\n\r\n\t\t\t<\/div>\n\t\t\t\t<\/div>\n\t\t\t\t\t<\/div>\n\t\t<\/div>\n\t\t\t\t\t<\/div>\n\t\t<\/section>\n\t\t\t\t\t<\/div>\n\t\t<\/div>\n\t\t\t\t\t<\/div>\n\t\t<\/section>\n\t\t\t\t<\/div>\n\t\t","protected":false},"excerpt":{"rendered":"<p>Mediadora, Advocada, Formadora i Coach certificada Merc\u00e8 Pomar Espai \u201cConegueu totes les teories. Domini totes<\/p>\n","protected":false},"author":1,"featured_media":0,"parent":0,"menu_order":0,"comment_status":"closed","ping_status":"closed","template":"elementor_header_footer","meta":{"inline_featured_image":false,"footnotes":""},"class_list":["post-3495","page","type-page","status-publish","hentry"],"_links":{"self":[{"href":"https:\/\/www.mercepomar.com\/ca\/wp-json\/wp\/v2\/pages\/3495"}],"collection":[{"href":"https:\/\/www.mercepomar.com\/ca\/wp-json\/wp\/v2\/pages"}],"about":[{"href":"https:\/\/www.mercepomar.com\/ca\/wp-json\/wp\/v2\/types\/page"}],"author":[{"embeddable":true,"href":"https:\/\/www.mercepomar.com\/ca\/wp-json\/wp\/v2\/users\/1"}],"replies":[{"embeddable":true,"href":"https:\/\/www.mercepomar.com\/ca\/wp-json\/wp\/v2\/comments?post=3495"}],"version-history":[{"count":0,"href":"https:\/\/www.mercepomar.com\/ca\/wp-json\/wp\/v2\/pages\/3495\/revisions"}],"wp:attachment":[{"href":"https:\/\/www.mercepomar.com\/ca\/wp-json\/wp\/v2\/media?parent=3495"}],"curies":[{"name":"wp","href":"https:\/\/api.w.org\/{rel}","templated":true}]}}